{"id":6741,"date":"2022-03-16T21:32:05","date_gmt":"2022-03-16T21:32:05","guid":{"rendered":"https:\/\/zeltlager-thuine.de\/?page_id=6741"},"modified":"2022-03-16T21:46:56","modified_gmt":"2022-03-16T21:46:56","slug":"2021-2","status":"publish","type":"page","link":"https:\/\/zeltlager-thuine.de\/index.php\/2021-2\/","title":{"rendered":"2021"},"content":{"rendered":"\t\t<div data-elementor-type=\"wp-page\" data-elementor-id=\"6741\" class=\"elementor elementor-6741\">\n\t\t\t\t\t\t<section class=\"elementor-section elementor-top-section elementor-element elementor-element-04dcea1 elementor-section-boxed elementor-section-height-default elementor-section-height-default\" data-id=\"04dcea1\" data-element_type=\"section\">\n\t\t\t\t\t\t<div class=\"elementor-container elementor-column-gap-default\">\n\t\t\t\t\t<div class=\"elementor-column elementor-col-100 elementor-top-column elementor-element elementor-element-5f28e16\" data-id=\"5f28e16\" data-element_type=\"column\">\n\t\t\t<div class=\"elementor-widget-wrap elementor-element-populated\">\n\t\t\t\t\t\t<div class=\"elementor-element elementor-element-036d80b elementor-widget elementor-widget-heading\" data-id=\"036d80b\" data-element_type=\"widget\" data-widget_type=\"heading.default\">\n\t\t\t\t<div class=\"elementor-widget-container\">\n\t\t\t<h2 class=\"elementor-heading-title elementor-size-default\"><br>Zeltlager vom 24. Juli bis zum 31. Juli 2021 in Bieste<\/h2>\t\t<\/div>\n\t\t\t\t<\/div>\n\t\t\t\t\t<\/div>\n\t\t<\/div>\n\t\t\t\t\t<\/div>\n\t\t<\/section>\n\t\t\t\t<section class=\"elementor-section elementor-top-section elementor-element elementor-element-9f08ee7 elementor-section-boxed elementor-section-height-default elementor-section-height-default\" data-id=\"9f08ee7\" data-element_type=\"section\">\n\t\t\t\t\t\t<div class=\"elementor-container elementor-column-gap-default\">\n\t\t\t\t\t<div class=\"elementor-column elementor-col-100 elementor-top-column elementor-element elementor-element-d539a8b\" data-id=\"d539a8b\" data-element_type=\"column\">\n\t\t\t<div class=\"elementor-widget-wrap elementor-element-populated\">\n\t\t\t\t\t\t<div class=\"elementor-element elementor-element-b5574df elementor-widget elementor-widget-text-editor\" data-id=\"b5574df\" data-element_type=\"widget\" data-widget_type=\"text-editor.default\">\n\t\t\t\t<div class=\"elementor-widget-container\">\n\t\t\t\t\t\t\t<p class=\"MsoNormal\"><span style=\"color: #000000;\">Am Samstag, 24. Juli ging es endlich wieder los ins Zeltlager! Vor der Abfahrt hie\u00df es aber erst einmal f\u00fcr alle 68 Kinder: Corona-Test! Diese wurden von zwei Mitarbeiterinnen der Frerener Johannes Apotheke am Sammelplatz bei Kuiter in Thuine durchgef\u00fchrt. Anschlie\u00dfend konnte die Radtour nach Bieste starten. Dieses Jahr allerdings in mehrere, kleine Gruppen aufgeteilt. Aber wie immer mit ausreichend Begleitpersonal, das vorab ebenfalls getestet worden war. Bei bestem Wetter und mit mehreren Pausen war die 52km lange Strecke \u00fcberhaupt kein Problem.<\/span><\/p>\n<p><span style=\"color: #000000;\">Am Nachmittag trafen die Kinder im Lager ein, das bereits seit Dienstag vom Aufbauteam hergerichtet worden war. Die 28 Gruppenleiter, die schon am Freitag, ebenfalls nach negativem Corona-Test angereist waren, warteten bereits mit dem Gep\u00e4ck der Kinder in den Zelten und halfen beim Auspacken und Einrichten. Das sechs-k\u00f6pfige K\u00fcchenteam heizte inzwischen den Grill ein, um Bratw\u00fcrste f\u00fcr die von der Radtour sehr hungrigen Kinder vorzubereiten. Nach einer kurzen Ansprache und dem Erl\u00e4utern der Corona-Regeln konnte das Abendessen Gruppenweise starten. Am Abend fand eine kleine Corona-Lagerrunde mit den Klassen 4. bis 7. statt. Trotz einzuhaltendem Mindestabstand hatten alle eine Menge Spa\u00df. Dass es am fr\u00fchen Abend noch einen kurzen, aber mit 40l\/qm recht ergiebigen Wolkenbruch gegeben hatte, war dabei schon wieder vergessen. Die Zelte waren dicht und das Gep\u00e4ck sicher und trocken darin verstaut.<\/span><\/p>\n<p><span style=\"color: #000000;\">Am Sonntag startete nach dem Fr\u00fchst\u00fcck das Sportturnier. Dabei waren die Zeltgruppen in verschiedenen Wettk\u00e4mpfen gegeneinander angetreten. Anschlie\u00dfend ging es Corona-konform Duschen. Wir durften die Umkleidekabinen des TUS Neuenkirchen daf\u00fcr nutzen!&nbsp; Am Nachmittag kam Pastor Krallmann zu Besuch um mit uns einen Gottesdienst zu feiern, der von der 4. und 5. Klasse vorbereitet worden war. Am Abend gab es den \u201eKampf der Geschlechter\u201c, der nach vielen spannenden Spielen mit einem Unentschieden endete.<\/span><\/p>\t\t\t\t\t\t<\/div>\n\t\t\t\t<\/div>\n\t\t\t\t\t<\/div>\n\t\t<\/div>\n\t\t\t\t\t<\/div>\n\t\t<\/section>\n\t\t\t\t<section class=\"elementor-section elementor-top-section elementor-element elementor-element-0512f21 elementor-section-boxed elementor-section-height-default elementor-section-height-default\" data-id=\"0512f21\" data-element_type=\"section\">\n\t\t\t\t\t\t<div class=\"elementor-container elementor-column-gap-default\">\n\t\t\t\t\t<div class=\"elementor-column elementor-col-100 elementor-top-column elementor-element elementor-element-f8b15fc\" data-id=\"f8b15fc\" data-element_type=\"column\">\n\t\t\t<div class=\"elementor-widget-wrap elementor-element-populated\">\n\t\t\t\t\t\t<div class=\"elementor-element elementor-element-8320f3f elementor-widget elementor-widget-image\" data-id=\"8320f3f\" data-element_type=\"widget\" data-widget_type=\"image.default\">\n\t\t\t\t<div class=\"elementor-widget-container\">\n\t\t\t\t\t\t\t\t\t\t\t\t\t<img fetchpriority=\"high\" decoding=\"async\" width=\"1024\" height=\"768\" src=\"https:\/\/zeltlager-thuine.de\/wp-content\/uploads\/2021\/08\/zela_2021_Bericht_01-1024x768.jpg\" class=\"attachment-large size-large wp-image-6704\" alt=\"\" srcset=\"https:\/\/zeltlager-thuine.de\/wp-content\/uploads\/2021\/08\/zela_2021_Bericht_01-1024x768.jpg 1024w, https:\/\/zeltlager-thuine.de\/wp-content\/uploads\/2021\/08\/zela_2021_Bericht_01-300x225.jpg 300w, https:\/\/zeltlager-thuine.de\/wp-content\/uploads\/2021\/08\/zela_2021_Bericht_01-768x576.jpg 768w, https:\/\/zeltlager-thuine.de\/wp-content\/uploads\/2021\/08\/zela_2021_Bericht_01-1536x1152.jpg 1536w, https:\/\/zeltlager-thuine.de\/wp-content\/uploads\/2021\/08\/zela_2021_Bericht_01-2048x1536.jpg 2048w\" sizes=\"(max-width: 1024px) 100vw, 1024px\" \/>\t\t\t\t\t\t\t\t\t\t\t\t\t<\/div>\n\t\t\t\t<\/div>\n\t\t\t\t\t<\/div>\n\t\t<\/div>\n\t\t\t\t\t<\/div>\n\t\t<\/section>\n\t\t\t\t<section class=\"elementor-section elementor-top-section elementor-element elementor-element-3b7610c elementor-section-boxed elementor-section-height-default elementor-section-height-default\" data-id=\"3b7610c\" data-element_type=\"section\">\n\t\t\t\t\t\t<div class=\"elementor-container elementor-column-gap-default\">\n\t\t\t\t\t<div class=\"elementor-column elementor-col-100 elementor-top-column elementor-element elementor-element-17b9853\" data-id=\"17b9853\" data-element_type=\"column\">\n\t\t\t<div class=\"elementor-widget-wrap elementor-element-populated\">\n\t\t\t\t\t\t<div class=\"elementor-element elementor-element-bd00482 elementor-widget elementor-widget-text-editor\" data-id=\"bd00482\" data-element_type=\"widget\" data-widget_type=\"text-editor.default\">\n\t\t\t\t<div class=\"elementor-widget-container\">\n\t\t\t\t\t\t\t<p><span style=\"color: #000000;\">In der Nacht von Sonntag auf Montag wurde den Kindern der 5. Klasse die Wimpel-Karte gestohlen. Da auf Grund von Corona in diesem Jahr keine Besuche und somit auch keine \u00dcberf\u00e4lle gestattet waren, hatten sich die Gruppenleiter eine Alternative \u00fcberlegt. Jedes Zelt bekam eine Wimpel-Karte, die w\u00e4hrend der Nachtwache bewacht werden musste. Wurde sie geklaut, musste das ganze Zelt am folgenden Tag einen besonderen Hut tragen, den \u201eDeppen-Hut\u201c.\u00a0<\/span><\/p>\t\t\t\t\t\t<\/div>\n\t\t\t\t<\/div>\n\t\t\t\t\t<\/div>\n\t\t<\/div>\n\t\t\t\t\t<\/div>\n\t\t<\/section>\n\t\t\t\t<section class=\"elementor-section elementor-top-section elementor-element elementor-element-91cbf4d elementor-section-boxed elementor-section-height-default elementor-section-height-default\" data-id=\"91cbf4d\" data-element_type=\"section\">\n\t\t\t\t\t\t<div class=\"elementor-container elementor-column-gap-default\">\n\t\t\t\t\t<div class=\"elementor-column elementor-col-100 elementor-top-column elementor-element elementor-element-adebe64\" data-id=\"adebe64\" data-element_type=\"column\">\n\t\t\t<div class=\"elementor-widget-wrap elementor-element-populated\">\n\t\t\t\t\t\t<div class=\"elementor-element elementor-element-6f055dc elementor-widget elementor-widget-image\" data-id=\"6f055dc\" data-element_type=\"widget\" data-widget_type=\"image.default\">\n\t\t\t\t<div class=\"elementor-widget-container\">\n\t\t\t\t\t\t\t\t\t\t\t\t\t<img decoding=\"async\" width=\"1024\" height=\"768\" src=\"https:\/\/zeltlager-thuine.de\/wp-content\/uploads\/2021\/08\/zela_2021_Bericht_05-1024x768.jpg\" class=\"attachment-large size-large wp-image-6719\" alt=\"\" srcset=\"https:\/\/zeltlager-thuine.de\/wp-content\/uploads\/2021\/08\/zela_2021_Bericht_05-1024x768.jpg 1024w, https:\/\/zeltlager-thuine.de\/wp-content\/uploads\/2021\/08\/zela_2021_Bericht_05-300x225.jpg 300w, https:\/\/zeltlager-thuine.de\/wp-content\/uploads\/2021\/08\/zela_2021_Bericht_05-768x576.jpg 768w, https:\/\/zeltlager-thuine.de\/wp-content\/uploads\/2021\/08\/zela_2021_Bericht_05-1536x1152.jpg 1536w, https:\/\/zeltlager-thuine.de\/wp-content\/uploads\/2021\/08\/zela_2021_Bericht_05-2048x1536.jpg 2048w\" sizes=\"(max-width: 1024px) 100vw, 1024px\" \/>\t\t\t\t\t\t\t\t\t\t\t\t\t<\/div>\n\t\t\t\t<\/div>\n\t\t\t\t\t<\/div>\n\t\t<\/div>\n\t\t\t\t\t<\/div>\n\t\t<\/section>\n\t\t\t\t<section class=\"elementor-section elementor-top-section elementor-element elementor-element-2e4ce82 elementor-section-boxed elementor-section-height-default elementor-section-height-default\" data-id=\"2e4ce82\" data-element_type=\"section\">\n\t\t\t\t\t\t<div class=\"elementor-container elementor-column-gap-default\">\n\t\t\t\t\t<div class=\"elementor-column elementor-col-100 elementor-top-column elementor-element elementor-element-4d18d79\" data-id=\"4d18d79\" data-element_type=\"column\">\n\t\t\t<div class=\"elementor-widget-wrap elementor-element-populated\">\n\t\t\t\t\t\t<div class=\"elementor-element elementor-element-549d286 elementor-widget elementor-widget-text-editor\" data-id=\"549d286\" data-element_type=\"widget\" data-widget_type=\"text-editor.default\">\n\t\t\t\t<div class=\"elementor-widget-container\">\n\t\t\t\t\t\t\t<p><span style=\"color: #000000;\">Am Montag fand erneut ein Corona-Test statt. Dieses Mal durch die Malteser. Gro\u00dfe Erleichterung:\u00a0 Alle Kinder, Gruppenleiter und das K\u00fcchenteam waren negativ getestet! Die Corona-Regeln mussten dennoch weiter vollst\u00e4ndig eingehalten werden. Am Vormittag fand dann noch das Fotosuchspiel in Neuenkirchen statt. Der Abend endete mit \u201eSchlag den Gruppenleiter\u201c. Den Kindern gelang es in diesem Jahr jedoch nicht, die Gruppenleiter zu besiegen.<\/span><\/p>\t\t\t\t\t\t<\/div>\n\t\t\t\t<\/div>\n\t\t\t\t\t<\/div>\n\t\t<\/div>\n\t\t\t\t\t<\/div>\n\t\t<\/section>\n\t\t\t\t<section class=\"elementor-section elementor-top-section elementor-element elementor-element-30fba14 elementor-section-boxed elementor-section-height-default elementor-section-height-default\" data-id=\"30fba14\" data-element_type=\"section\">\n\t\t\t\t\t\t<div class=\"elementor-container elementor-column-gap-default\">\n\t\t\t\t\t<div class=\"elementor-column elementor-col-100 elementor-top-column elementor-element elementor-element-17ab281\" data-id=\"17ab281\" data-element_type=\"column\">\n\t\t\t<div class=\"elementor-widget-wrap elementor-element-populated\">\n\t\t\t\t\t\t<div class=\"elementor-element elementor-element-ab3d923 elementor-widget elementor-widget-image\" data-id=\"ab3d923\" data-element_type=\"widget\" data-widget_type=\"image.default\">\n\t\t\t\t<div class=\"elementor-widget-container\">\n\t\t\t\t\t\t\t\t\t\t\t\t\t<img decoding=\"async\" width=\"1024\" height=\"768\" src=\"https:\/\/zeltlager-thuine.de\/wp-content\/uploads\/2021\/08\/zela_2021_Bericht_02-1024x768.jpg\" class=\"attachment-large size-large wp-image-6705\" alt=\"\" srcset=\"https:\/\/zeltlager-thuine.de\/wp-content\/uploads\/2021\/08\/zela_2021_Bericht_02-1024x768.jpg 1024w, https:\/\/zeltlager-thuine.de\/wp-content\/uploads\/2021\/08\/zela_2021_Bericht_02-300x225.jpg 300w, https:\/\/zeltlager-thuine.de\/wp-content\/uploads\/2021\/08\/zela_2021_Bericht_02-768x576.jpg 768w, https:\/\/zeltlager-thuine.de\/wp-content\/uploads\/2021\/08\/zela_2021_Bericht_02-1536x1152.jpg 1536w, https:\/\/zeltlager-thuine.de\/wp-content\/uploads\/2021\/08\/zela_2021_Bericht_02-2048x1536.jpg 2048w\" sizes=\"(max-width: 1024px) 100vw, 1024px\" \/>\t\t\t\t\t\t\t\t\t\t\t\t\t<\/div>\n\t\t\t\t<\/div>\n\t\t\t\t\t<\/div>\n\t\t<\/div>\n\t\t\t\t\t<\/div>\n\t\t<\/section>\n\t\t\t\t<section class=\"elementor-section elementor-top-section elementor-element elementor-element-3a0a158 elementor-section-boxed elementor-section-height-default elementor-section-height-default\" data-id=\"3a0a158\" data-element_type=\"section\">\n\t\t\t\t\t\t<div class=\"elementor-container elementor-column-gap-default\">\n\t\t\t\t\t<div class=\"elementor-column elementor-col-100 elementor-top-column elementor-element elementor-element-dceada3\" data-id=\"dceada3\" data-element_type=\"column\">\n\t\t\t<div class=\"elementor-widget-wrap elementor-element-populated\">\n\t\t\t\t\t\t<div class=\"elementor-element elementor-element-67daad0 elementor-widget elementor-widget-text-editor\" data-id=\"67daad0\" data-element_type=\"widget\" data-widget_type=\"text-editor.default\">\n\t\t\t\t<div class=\"elementor-widget-container\">\n\t\t\t\t\t\t\t<p><span style=\"color: #000000;\">Dienstags wurden ein Stationsspiel im Lager und das \u201eChaosspiel\u201c gespielt. Am Abend stellten wir Fackeln und Kerzen auf, denn diese Nacht stand unter dem Motto \u201eNacht ohne Strom\u201c. Anstatt Musik \u00fcber die Boxen h\u00f6rte man in dieser Nacht viel Gesang vom Lagerfeuer. Das K\u00fcchenteam \u00fcberraschte die Kinder noch sp\u00e4t mit Stockbrot.<\/span><\/p><p><span style=\"color: #000000;\">Am Mittwoch hie\u00df es wieder: \u201eAlle Kinder bereit machen zum Corona-Test!\u201c Die Malteser kamen erneut und testeten wieder ohne Ausnahme das gesamte Lager. Wenig sp\u00e4ter kam die gute Nachricht: Alle negativ! Nun konnten die Ma\u00dfnahmen etwas gelockert werden und die Gruppen durften sich mischen. Ab dann trugen nur noch das K\u00fcchenteam und die Gruppenleiter eine Maske. Alles genau so, wie es das extra f\u00fcr das diesj\u00e4hrige Zeltlager erstellte und vom Gesundheitsamt gepr\u00fcfte und genehmigte Hygienekonzept vorsah.<\/span><\/p>\t\t\t\t\t\t<\/div>\n\t\t\t\t<\/div>\n\t\t\t\t\t<\/div>\n\t\t<\/div>\n\t\t\t\t\t<\/div>\n\t\t<\/section>\n\t\t\t\t<section class=\"elementor-section elementor-top-section elementor-element elementor-element-b1bd9f2 elementor-section-boxed elementor-section-height-default elementor-section-height-default\" data-id=\"b1bd9f2\" data-element_type=\"section\">\n\t\t\t\t\t\t<div class=\"elementor-container elementor-column-gap-default\">\n\t\t\t\t\t<div class=\"elementor-column elementor-col-100 elementor-top-column elementor-element elementor-element-81a4551\" data-id=\"81a4551\" data-element_type=\"column\">\n\t\t\t<div class=\"elementor-widget-wrap elementor-element-populated\">\n\t\t\t\t\t\t<div class=\"elementor-element elementor-element-5810bef elementor-widget elementor-widget-image\" data-id=\"5810bef\" data-element_type=\"widget\" data-widget_type=\"image.default\">\n\t\t\t\t<div class=\"elementor-widget-container\">\n\t\t\t\t\t\t\t\t\t\t\t\t\t<img loading=\"lazy\" decoding=\"async\" width=\"1024\" height=\"768\" src=\"https:\/\/zeltlager-thuine.de\/wp-content\/uploads\/2021\/08\/zela_2021_Bericht_03-1024x768.jpg\" class=\"attachment-large size-large wp-image-6702\" alt=\"\" srcset=\"https:\/\/zeltlager-thuine.de\/wp-content\/uploads\/2021\/08\/zela_2021_Bericht_03-1024x768.jpg 1024w, https:\/\/zeltlager-thuine.de\/wp-content\/uploads\/2021\/08\/zela_2021_Bericht_03-300x225.jpg 300w, https:\/\/zeltlager-thuine.de\/wp-content\/uploads\/2021\/08\/zela_2021_Bericht_03-768x576.jpg 768w, https:\/\/zeltlager-thuine.de\/wp-content\/uploads\/2021\/08\/zela_2021_Bericht_03-1536x1152.jpg 1536w, https:\/\/zeltlager-thuine.de\/wp-content\/uploads\/2021\/08\/zela_2021_Bericht_03-2048x1536.jpg 2048w\" sizes=\"(max-width: 1024px) 100vw, 1024px\" \/>\t\t\t\t\t\t\t\t\t\t\t\t\t<\/div>\n\t\t\t\t<\/div>\n\t\t\t\t\t<\/div>\n\t\t<\/div>\n\t\t\t\t\t<\/div>\n\t\t<\/section>\n\t\t\t\t<section class=\"elementor-section elementor-top-section elementor-element elementor-element-e29b3f9 elementor-section-boxed elementor-section-height-default elementor-section-height-default\" data-id=\"e29b3f9\" data-element_type=\"section\">\n\t\t\t\t\t\t<div class=\"elementor-container elementor-column-gap-default\">\n\t\t\t\t\t<div class=\"elementor-column elementor-col-100 elementor-top-column elementor-element elementor-element-11497dc\" data-id=\"11497dc\" data-element_type=\"column\">\n\t\t\t<div class=\"elementor-widget-wrap elementor-element-populated\">\n\t\t\t\t\t\t<div class=\"elementor-element elementor-element-82cc4e9 elementor-widget elementor-widget-text-editor\" data-id=\"82cc4e9\" data-element_type=\"widget\" data-widget_type=\"text-editor.default\">\n\t\t\t\t<div class=\"elementor-widget-container\">\n\t\t\t\t\t\t\t<p><span style=\"color: #000000;\">Die Kinder, die sich in den ersten Tagen des Zeltlagers sehr diszipliniert an die Ma\u00dfnahmen gehalten hatten, durften nun endlich alle zusammen Fu\u00dfballspielen und ohne Abstand am Langerfeuer sitzen. Das wurde auch gleich ausgenutzt und es gab eine spontane Lagerrunde, diesmal mit allen Kindern! Au\u00dferdem gab es am Mittwoch spannende Workshops. Es wurden eine Zeltlagerzeitung erstellt, Leinenbeutel bemalt, Blumenketten gebastelt und Portemonnaies aus Milchkartons gefaltet. In dieser Nacht gab es auch die schon traditionelle Nachtwanderung.<\/span><\/p>\t\t\t\t\t\t<\/div>\n\t\t\t\t<\/div>\n\t\t\t\t\t<\/div>\n\t\t<\/div>\n\t\t\t\t\t<\/div>\n\t\t<\/section>\n\t\t\t\t<section class=\"elementor-section elementor-top-section elementor-element elementor-element-236033b elementor-section-boxed elementor-section-height-default elementor-section-height-default\" data-id=\"236033b\" data-element_type=\"section\">\n\t\t\t\t\t\t<div class=\"elementor-container elementor-column-gap-default\">\n\t\t\t\t\t<div class=\"elementor-column elementor-col-100 elementor-top-column elementor-element elementor-element-3511ac8\" data-id=\"3511ac8\" data-element_type=\"column\">\n\t\t\t<div class=\"elementor-widget-wrap elementor-element-populated\">\n\t\t\t\t\t\t<div class=\"elementor-element elementor-element-eca9ef5 elementor-widget elementor-widget-image\" data-id=\"eca9ef5\" data-element_type=\"widget\" data-widget_type=\"image.default\">\n\t\t\t\t<div class=\"elementor-widget-container\">\n\t\t\t\t\t\t\t\t\t\t\t\t\t<img loading=\"lazy\" decoding=\"async\" width=\"1024\" height=\"768\" src=\"https:\/\/zeltlager-thuine.de\/wp-content\/uploads\/2021\/08\/zela_2021_Bericht_06-1024x768.jpg\" class=\"attachment-large size-large wp-image-6718\" alt=\"\" srcset=\"https:\/\/zeltlager-thuine.de\/wp-content\/uploads\/2021\/08\/zela_2021_Bericht_06-1024x768.jpg 1024w, https:\/\/zeltlager-thuine.de\/wp-content\/uploads\/2021\/08\/zela_2021_Bericht_06-300x225.jpg 300w, https:\/\/zeltlager-thuine.de\/wp-content\/uploads\/2021\/08\/zela_2021_Bericht_06-768x576.jpg 768w, https:\/\/zeltlager-thuine.de\/wp-content\/uploads\/2021\/08\/zela_2021_Bericht_06-1536x1152.jpg 1536w, https:\/\/zeltlager-thuine.de\/wp-content\/uploads\/2021\/08\/zela_2021_Bericht_06.jpg 1600w\" sizes=\"(max-width: 1024px) 100vw, 1024px\" \/>\t\t\t\t\t\t\t\t\t\t\t\t\t<\/div>\n\t\t\t\t<\/div>\n\t\t\t\t\t<\/div>\n\t\t<\/div>\n\t\t\t\t\t<\/div>\n\t\t<\/section>\n\t\t\t\t<section class=\"elementor-section elementor-top-section elementor-element elementor-element-53379e8 elementor-section-boxed elementor-section-height-default elementor-section-height-default\" data-id=\"53379e8\" data-element_type=\"section\">\n\t\t\t\t\t\t<div class=\"elementor-container elementor-column-gap-default\">\n\t\t\t\t\t<div class=\"elementor-column elementor-col-100 elementor-top-column elementor-element elementor-element-9cfd8df\" data-id=\"9cfd8df\" data-element_type=\"column\">\n\t\t\t<div class=\"elementor-widget-wrap elementor-element-populated\">\n\t\t\t\t\t\t<div class=\"elementor-element elementor-element-d269ec3 elementor-widget elementor-widget-text-editor\" data-id=\"d269ec3\" data-element_type=\"widget\" data-widget_type=\"text-editor.default\">\n\t\t\t\t<div class=\"elementor-widget-container\">\n\t\t\t\t\t\t\t<p><span style=\"color: #000000;\">Am Donnerstag fand nach einem V\u00f6lkerballturnier am Vormittag und Eis f\u00fcr alle von einem \u201eAlten Herrn\u201c abends die Mini-Playback-Show statt. Gewonnen hat in diesem Jahr die 9. Klasse M\u00e4dchen.<\/span><\/p><p><span style=\"color: #000000;\">Freitags ging es zur Stadtrally nach Alfhausen. Der letzte Zeltlagerabend klang f\u00fcr alle gemeinsam mit dem \u201eBunten Abend\u201c und dem Spiel \u201eZapp\u201c aus.<\/span><\/p><p><span style=\"color: #000000;\">Am Samstag ging dann eine grandiose und sicherlich unvergessliche Zeltlagerwoche zu Ende. Damit ging es aber leider auch zur\u00fcck in die Realit\u00e4t! Also Maske auf, bevor es in den Bus zur\u00fcck nach Thuine ging.<\/span><\/p>\t\t\t\t\t\t<\/div>\n\t\t\t\t<\/div>\n\t\t\t\t\t<\/div>\n\t\t<\/div>\n\t\t\t\t\t<\/div>\n\t\t<\/section>\n\t\t\t\t<section class=\"elementor-section elementor-top-section elementor-element elementor-element-0436119 elementor-section-boxed elementor-section-height-default elementor-section-height-default\" data-id=\"0436119\" data-element_type=\"section\">\n\t\t\t\t\t\t<div class=\"elementor-container elementor-column-gap-default\">\n\t\t\t\t\t<div class=\"elementor-column elementor-col-100 elementor-top-column elementor-element elementor-element-a3739e4\" data-id=\"a3739e4\" data-element_type=\"column\">\n\t\t\t<div class=\"elementor-widget-wrap elementor-element-populated\">\n\t\t\t\t\t\t<div class=\"elementor-element elementor-element-a3e5e04 elementor-widget elementor-widget-image\" data-id=\"a3e5e04\" data-element_type=\"widget\" data-widget_type=\"image.default\">\n\t\t\t\t<div class=\"elementor-widget-container\">\n\t\t\t\t\t\t\t\t\t\t\t\t\t<img loading=\"lazy\" decoding=\"async\" width=\"1024\" height=\"768\" src=\"https:\/\/zeltlager-thuine.de\/wp-content\/uploads\/2021\/08\/zela_2021_Bericht_04-1024x768.jpg\" class=\"attachment-large size-large wp-image-6703\" alt=\"\" srcset=\"https:\/\/zeltlager-thuine.de\/wp-content\/uploads\/2021\/08\/zela_2021_Bericht_04-1024x768.jpg 1024w, https:\/\/zeltlager-thuine.de\/wp-content\/uploads\/2021\/08\/zela_2021_Bericht_04-300x225.jpg 300w, https:\/\/zeltlager-thuine.de\/wp-content\/uploads\/2021\/08\/zela_2021_Bericht_04-768x576.jpg 768w, https:\/\/zeltlager-thuine.de\/wp-content\/uploads\/2021\/08\/zela_2021_Bericht_04-1536x1152.jpg 1536w, https:\/\/zeltlager-thuine.de\/wp-content\/uploads\/2021\/08\/zela_2021_Bericht_04.jpg 2048w\" sizes=\"(max-width: 1024px) 100vw, 1024px\" \/>\t\t\t\t\t\t\t\t\t\t\t\t\t<\/div>\n\t\t\t\t<\/div>\n\t\t\t\t\t<\/div>\n\t\t<\/div>\n\t\t\t\t\t<\/div>\n\t\t<\/section>\n\t\t\t\t<section class=\"elementor-section elementor-top-section elementor-element elementor-element-3022fb8 elementor-section-boxed elementor-section-height-default elementor-section-height-default\" data-id=\"3022fb8\" data-element_type=\"section\">\n\t\t\t\t\t\t<div class=\"elementor-container elementor-column-gap-default\">\n\t\t\t\t\t<div class=\"elementor-column elementor-col-100 elementor-top-column elementor-element elementor-element-c0b489c\" data-id=\"c0b489c\" data-element_type=\"column\">\n\t\t\t<div class=\"elementor-widget-wrap elementor-element-populated\">\n\t\t\t\t\t\t<div class=\"elementor-element elementor-element-3475a91 elementor-widget elementor-widget-text-editor\" data-id=\"3475a91\" data-element_type=\"widget\" data-widget_type=\"text-editor.default\">\n\t\t\t\t<div class=\"elementor-widget-container\">\n\t\t\t\t\t\t\t<p><span style=\"color: #000000;\">Vielen, vielen Dank an alle Kinder, an die Gruppenleiter und an das K\u00fcchenteam f\u00fcr die herausragende Disziplin! Gemeinsam haben wir uns ein paar Tage erarbeitet, die uns gezeigt haben, was uns letztes Jahr so sehr gefehlt hat. Die unz\u00e4hligen Stunden der Vorbereitung haben sich gelohnt, das erarbeitete Hygienekonzept hat sich bew\u00e4hrt und die anf\u00e4nglich gro\u00dfen Zweifel haben sich in enorme Best\u00e4tigung gewandelt. Organisatorisch war das diesj\u00e4hrige Zeltlager eine gewaltige Herausforderung. Besonders die Flut an E-Mails mit immer wieder neuen Vorgaben und die sich im Laufe der Vorbereitung immer wieder \u00e4ndernden Gesetzestexte erforderten gro\u00dfe Aufmerksamkeit. Und wie viel Arbeit es ist, ein Hygienekonzept zu erstellen, wei\u00df wohl nur der, der mal eins erstellt hat.<\/span><\/p><p><span style=\"color: #000000;\">Ein gro\u00dfes Dankesch\u00f6n geht auch an alle, die uns Fahrzeuge, Hallen und Pl\u00e4tze zur Verf\u00fcgung gestellt haben, die Corona-Tests durchgef\u00fchrt haben, die Kinder auf der Fahrradtour begleitet haben, die Gep\u00e4ck und Fahrr\u00e4der transportiert haben, die in welcher Form auch immer mit angepackt haben, die uns finanziell unterst\u00fctzt haben oder die uns einfach nur die Daumen gedr\u00fcckt haben. DANKE!<\/span><\/p><p><span style=\"color: #000000;\">Besonders bedanken m\u00f6chten wir uns aber auch bei allen Eltern f\u00fcr das entgegengebrachte Vertrauen.<\/span><\/p><p><span style=\"color: #000000;\">Weitere Fotos werden wir in den n\u00e4chsten Tagen in der Galerie ver\u00f6ffentlichen.<\/span><\/p><p><span style=\"color: #000000;\">Bis zum n\u00e4chsten Jahr!<\/span><\/p>\t\t\t\t\t\t<\/div>\n\t\t\t\t<\/div>\n\t\t\t\t\t<\/div>\n\t\t<\/div>\n\t\t\t\t\t<\/div>\n\t\t<\/section>\n\t\t\t\t<\/div>\n\t\t","protected":false},"excerpt":{"rendered":"<p>Zeltlager vom 24. Juli bis zum 31. Juli 2021 in Bieste Am Samstag, 24. Juli ging es endlich wieder los ins Zeltlager! Vor der Abfahrt hie\u00df es aber erst einmal f\u00fcr alle 68 Kinder: Corona-Test! Diese wurden von zwei Mitarbeiterinnen der Frerener Johannes Apotheke am Sammelplatz bei Kuiter in Thuine durchgef\u00fchrt. Anschlie\u00dfend konnte die Radtour [&hellip;]<\/p>\n","protected":false},"author":1,"featured_media":0,"parent":0,"menu_order":0,"comment_status":"closed","ping_status":"closed","template":"","meta":{"ocean_post_layout":"full-screen","ocean_both_sidebars_style":"","ocean_both_sidebars_content_width":0,"ocean_both_sidebars_sidebars_width":0,"ocean_sidebar":"0","ocean_second_sidebar":"0","ocean_disable_margins":"enable","ocean_add_body_class":"","ocean_shortcode_before_top_bar":"","ocean_shortcode_after_top_bar":"","ocean_shortcode_before_header":"","ocean_shortcode_after_header":"","ocean_has_shortcode":"","ocean_shortcode_after_title":"","ocean_shortcode_before_footer_widgets":"","ocean_shortcode_after_footer_widgets":"","ocean_shortcode_before_footer_bottom":"","ocean_shortcode_after_footer_bottom":"","ocean_display_top_bar":"off","ocean_display_header":"on","ocean_header_style":"","ocean_center_header_left_menu":"0","ocean_custom_header_template":"0","ocean_custom_logo":0,"ocean_custom_retina_logo":0,"ocean_custom_logo_max_width":0,"ocean_custom_logo_tablet_max_width":0,"ocean_custom_logo_mobile_max_width":0,"ocean_custom_logo_max_height":0,"ocean_custom_logo_tablet_max_height":0,"ocean_custom_logo_mobile_max_height":0,"ocean_header_custom_menu":"0","ocean_menu_typo_font_family":"0","ocean_menu_typo_font_subset":"","ocean_menu_typo_font_size":0,"ocean_menu_typo_font_size_tablet":0,"ocean_menu_typo_font_size_mobile":0,"ocean_menu_typo_font_size_unit":"px","ocean_menu_typo_font_weight":"","ocean_menu_typo_font_weight_tablet":"","ocean_menu_typo_font_weight_mobile":"","ocean_menu_typo_transform":"","ocean_menu_typo_transform_tablet":"","ocean_menu_typo_transform_mobile":"","ocean_menu_typo_line_height":0,"ocean_menu_typo_line_height_tablet":0,"ocean_menu_typo_line_height_mobile":0,"ocean_menu_typo_line_height_unit":"","ocean_menu_typo_spacing":0,"ocean_menu_typo_spacing_tablet":0,"ocean_menu_typo_spacing_mobile":0,"ocean_menu_typo_spacing_unit":"","ocean_menu_link_color":"","ocean_menu_link_color_hover":"","ocean_menu_link_color_active":"","ocean_menu_link_background":"","ocean_menu_link_hover_background":"","ocean_menu_link_active_background":"","ocean_menu_social_links_bg":"","ocean_menu_social_hover_links_bg":"","ocean_menu_social_links_color":"","ocean_menu_social_hover_links_color":"","ocean_disable_title":"on","ocean_disable_heading":"default","ocean_post_title":"","ocean_post_subheading":"","ocean_post_title_style":"","ocean_post_title_background_color":"","ocean_post_title_background":0,"ocean_post_title_bg_image_position":"","ocean_post_title_bg_image_attachment":"","ocean_post_title_bg_image_repeat":"","ocean_post_title_bg_image_size":"","ocean_post_title_height":0,"ocean_post_title_bg_overlay":0.5,"ocean_post_title_bg_overlay_color":"","ocean_disable_breadcrumbs":"default","ocean_breadcrumbs_color":"","ocean_breadcrumbs_separator_color":"","ocean_breadcrumbs_links_color":"","ocean_breadcrumbs_links_hover_color":"","ocean_display_footer_widgets":"off","ocean_display_footer_bottom":"off","ocean_custom_footer_template":"0","footnotes":""},"class_list":["post-6741","page","type-page","status-publish","hentry","entry"],"_links":{"self":[{"href":"https:\/\/zeltlager-thuine.de\/index.php\/wp-json\/wp\/v2\/pages\/6741"}],"collection":[{"href":"https:\/\/zeltlager-thuine.de\/index.php\/wp-json\/wp\/v2\/pages"}],"about":[{"href":"https:\/\/zeltlager-thuine.de\/index.php\/wp-json\/wp\/v2\/types\/page"}],"author":[{"embeddable":true,"href":"https:\/\/zeltlager-thuine.de\/index.php\/wp-json\/wp\/v2\/users\/1"}],"replies":[{"embeddable":true,"href":"https:\/\/zeltlager-thuine.de\/index.php\/wp-json\/wp\/v2\/comments?post=6741"}],"version-history":[{"count":7,"href":"https:\/\/zeltlager-thuine.de\/index.php\/wp-json\/wp\/v2\/pages\/6741\/revisions"}],"predecessor-version":[{"id":6755,"href":"https:\/\/zeltlager-thuine.de\/index.php\/wp-json\/wp\/v2\/pages\/6741\/revisions\/6755"}],"wp:attachment":[{"href":"https:\/\/zeltlager-thuine.de\/index.php\/wp-json\/wp\/v2\/media?parent=6741"}],"curies":[{"name":"wp","href":"https:\/\/api.w.org\/{rel}","templated":true}]}}