{"id":5935,"date":"2021-02-03T21:07:28","date_gmt":"2021-02-03T21:07:28","guid":{"rendered":"https:\/\/zeltlager-thuine.de\/?page_id=5935"},"modified":"2021-02-03T21:26:46","modified_gmt":"2021-02-03T21:26:46","slug":"2010-2","status":"publish","type":"page","link":"https:\/\/zeltlager-thuine.de\/index.php\/2010-2\/","title":{"rendered":"2010"},"content":{"rendered":"\t\t<div data-elementor-type=\"wp-page\" data-elementor-id=\"5935\" class=\"elementor elementor-5935\">\n\t\t\t\t\t\t<section class=\"elementor-section elementor-top-section elementor-element elementor-element-04dcea1 elementor-section-boxed elementor-section-height-default elementor-section-height-default\" data-id=\"04dcea1\" data-element_type=\"section\">\n\t\t\t\t\t\t<div class=\"elementor-container elementor-column-gap-default\">\n\t\t\t\t\t<div class=\"elementor-column elementor-col-100 elementor-top-column elementor-element elementor-element-5f28e16\" data-id=\"5f28e16\" data-element_type=\"column\">\n\t\t\t<div class=\"elementor-widget-wrap elementor-element-populated\">\n\t\t\t\t\t\t<div class=\"elementor-element elementor-element-036d80b elementor-widget elementor-widget-heading\" data-id=\"036d80b\" data-element_type=\"widget\" data-widget_type=\"heading.default\">\n\t\t\t\t<div class=\"elementor-widget-container\">\n\t\t\t<h2 class=\"elementor-heading-title elementor-size-default\"><br>Zeltlager 2010 in Rieste<\/h2>\t\t<\/div>\n\t\t\t\t<\/div>\n\t\t\t\t\t<\/div>\n\t\t<\/div>\n\t\t\t\t\t<\/div>\n\t\t<\/section>\n\t\t\t\t<section class=\"elementor-section elementor-top-section elementor-element elementor-element-9a7b8e0 elementor-section-boxed elementor-section-height-default elementor-section-height-default\" data-id=\"9a7b8e0\" data-element_type=\"section\">\n\t\t\t\t\t\t<div class=\"elementor-container elementor-column-gap-default\">\n\t\t\t\t\t<div class=\"elementor-column elementor-col-100 elementor-top-column elementor-element elementor-element-e723655\" data-id=\"e723655\" data-element_type=\"column\">\n\t\t\t<div class=\"elementor-widget-wrap elementor-element-populated\">\n\t\t\t\t\t\t<div class=\"elementor-element elementor-element-79725e0 elementor-widget elementor-widget-text-editor\" data-id=\"79725e0\" data-element_type=\"widget\" data-widget_type=\"text-editor.default\">\n\t\t\t\t<div class=\"elementor-widget-container\">\n\t\t\t\t\t\t\t<span style=\"color: #000000;\">Endlich Ferien&#8230; endlich Zeltlager! Endlich wieder eine Woche in \u201efreier Wildbahn\u201c genie\u00dfen.<\/span>\t\t\t\t\t\t<\/div>\n\t\t\t\t<\/div>\n\t\t\t\t\t<\/div>\n\t\t<\/div>\n\t\t\t\t\t<\/div>\n\t\t<\/section>\n\t\t\t\t<section class=\"elementor-section elementor-top-section elementor-element elementor-element-0e5ca84 elementor-section-boxed elementor-section-height-default elementor-section-height-default\" data-id=\"0e5ca84\" data-element_type=\"section\">\n\t\t\t\t\t\t<div class=\"elementor-container elementor-column-gap-default\">\n\t\t\t\t\t<div class=\"elementor-column elementor-col-100 elementor-top-column elementor-element elementor-element-4a6146a\" data-id=\"4a6146a\" data-element_type=\"column\">\n\t\t\t<div class=\"elementor-widget-wrap elementor-element-populated\">\n\t\t\t\t\t\t<div class=\"elementor-element elementor-element-e70d374 elementor-widget elementor-widget-image\" data-id=\"e70d374\" data-element_type=\"widget\" data-widget_type=\"image.default\">\n\t\t\t\t<div class=\"elementor-widget-container\">\n\t\t\t\t\t\t\t\t\t\t\t\t\t<img decoding=\"async\" width=\"400\" height=\"106\" src=\"https:\/\/zeltlager-thuine.de\/wp-content\/uploads\/2021\/01\/zela_2010_Bericht_01.jpg\" class=\"attachment-large size-large wp-image-5805\" alt=\"\" srcset=\"https:\/\/zeltlager-thuine.de\/wp-content\/uploads\/2021\/01\/zela_2010_Bericht_01.jpg 400w, https:\/\/zeltlager-thuine.de\/wp-content\/uploads\/2021\/01\/zela_2010_Bericht_01-300x80.jpg 300w\" sizes=\"(max-width: 400px) 100vw, 400px\" \/>\t\t\t\t\t\t\t\t\t\t\t\t\t<\/div>\n\t\t\t\t<\/div>\n\t\t\t\t\t<\/div>\n\t\t<\/div>\n\t\t\t\t\t<\/div>\n\t\t<\/section>\n\t\t\t\t<section class=\"elementor-section elementor-top-section elementor-element elementor-element-31bab03 elementor-section-boxed elementor-section-height-default elementor-section-height-default\" data-id=\"31bab03\" data-element_type=\"section\">\n\t\t\t\t\t\t<div class=\"elementor-container elementor-column-gap-default\">\n\t\t\t\t\t<div class=\"elementor-column elementor-col-100 elementor-top-column elementor-element elementor-element-168527a\" data-id=\"168527a\" data-element_type=\"column\">\n\t\t\t<div class=\"elementor-widget-wrap elementor-element-populated\">\n\t\t\t\t\t\t<div class=\"elementor-element elementor-element-8fa85f5 elementor-widget elementor-widget-text-editor\" data-id=\"8fa85f5\" data-element_type=\"widget\" data-widget_type=\"text-editor.default\">\n\t\t\t\t<div class=\"elementor-widget-container\">\n\t\t\t\t\t\t\t<span style=\"color: #000000;\">Das siebenk\u00f6pfige Aufbauteam unter Leitung von Klaus M\u00f6ller hatte gro\u00dfartige Arbeit geleistet. Nicht nur die Standards wie z. B. das K\u00fcchenzelt und der 24m lange Unterstand wurden aufgebaut, sondern wie schon so oft wurden wir auch in diesem Jahr mit Highlights \u00fcberrascht. Wir hatten eine neue Waschanlage und einen aus B\u00e4nken und Plane gebauten Pool.<\/span>\t\t\t\t\t\t<\/div>\n\t\t\t\t<\/div>\n\t\t\t\t\t<\/div>\n\t\t<\/div>\n\t\t\t\t\t<\/div>\n\t\t<\/section>\n\t\t\t\t<section class=\"elementor-section elementor-top-section elementor-element elementor-element-7a92942 elementor-section-boxed elementor-section-height-default elementor-section-height-default\" data-id=\"7a92942\" data-element_type=\"section\">\n\t\t\t\t\t\t<div class=\"elementor-container elementor-column-gap-default\">\n\t\t\t\t\t<div class=\"elementor-column elementor-col-100 elementor-top-column elementor-element elementor-element-95999ae\" data-id=\"95999ae\" data-element_type=\"column\">\n\t\t\t<div class=\"elementor-widget-wrap elementor-element-populated\">\n\t\t\t\t\t\t<div class=\"elementor-element elementor-element-2ceb878 elementor-widget elementor-widget-image\" data-id=\"2ceb878\" data-element_type=\"widget\" data-widget_type=\"image.default\">\n\t\t\t\t<div class=\"elementor-widget-container\">\n\t\t\t\t\t\t\t\t\t\t\t\t\t<img fetchpriority=\"high\" decoding=\"async\" width=\"400\" height=\"300\" src=\"https:\/\/zeltlager-thuine.de\/wp-content\/uploads\/2021\/01\/zela_2010_Bericht_02.jpg\" class=\"attachment-large size-large wp-image-5806\" alt=\"\" srcset=\"https:\/\/zeltlager-thuine.de\/wp-content\/uploads\/2021\/01\/zela_2010_Bericht_02.jpg 400w, https:\/\/zeltlager-thuine.de\/wp-content\/uploads\/2021\/01\/zela_2010_Bericht_02-300x225.jpg 300w\" sizes=\"(max-width: 400px) 100vw, 400px\" \/>\t\t\t\t\t\t\t\t\t\t\t\t\t<\/div>\n\t\t\t\t<\/div>\n\t\t\t\t\t<\/div>\n\t\t<\/div>\n\t\t\t\t\t<\/div>\n\t\t<\/section>\n\t\t\t\t<section class=\"elementor-section elementor-top-section elementor-element elementor-element-8f9c70c elementor-section-boxed elementor-section-height-default elementor-section-height-default\" data-id=\"8f9c70c\" data-element_type=\"section\">\n\t\t\t\t\t\t<div class=\"elementor-container elementor-column-gap-default\">\n\t\t\t\t\t<div class=\"elementor-column elementor-col-100 elementor-top-column elementor-element elementor-element-9c53829\" data-id=\"9c53829\" data-element_type=\"column\">\n\t\t\t<div class=\"elementor-widget-wrap elementor-element-populated\">\n\t\t\t\t\t\t<div class=\"elementor-element elementor-element-28953e7 elementor-widget elementor-widget-text-editor\" data-id=\"28953e7\" data-element_type=\"widget\" data-widget_type=\"text-editor.default\">\n\t\t\t\t<div class=\"elementor-widget-container\">\n\t\t\t\t\t\t\t<p><span style=\"color: #000000;\">Bei hei\u00dfen Temperaturen machten sich die Kinder am Samstag mit dem Rad auf den Weg nach Rieste. 50km wurden mit viel Eifer bew\u00e4ltigt. Kids, wir sind stolz auf euch!<\/span><\/p>\t\t\t\t\t\t<\/div>\n\t\t\t\t<\/div>\n\t\t\t\t\t<\/div>\n\t\t<\/div>\n\t\t\t\t\t<\/div>\n\t\t<\/section>\n\t\t\t\t<section class=\"elementor-section elementor-top-section elementor-element elementor-element-6f9cc7f elementor-section-boxed elementor-section-height-default elementor-section-height-default\" data-id=\"6f9cc7f\" data-element_type=\"section\">\n\t\t\t\t\t\t<div class=\"elementor-container elementor-column-gap-default\">\n\t\t\t\t\t<div class=\"elementor-column elementor-col-100 elementor-top-column elementor-element elementor-element-409e5ff\" data-id=\"409e5ff\" data-element_type=\"column\">\n\t\t\t<div class=\"elementor-widget-wrap elementor-element-populated\">\n\t\t\t\t\t\t<div class=\"elementor-element elementor-element-ee5c5b8 elementor-widget elementor-widget-image\" data-id=\"ee5c5b8\" data-element_type=\"widget\" data-widget_type=\"image.default\">\n\t\t\t\t<div class=\"elementor-widget-container\">\n\t\t\t\t\t\t\t\t\t\t\t\t\t<img decoding=\"async\" width=\"400\" height=\"300\" src=\"https:\/\/zeltlager-thuine.de\/wp-content\/uploads\/2021\/01\/zela_2010_Bericht_06.jpg\" class=\"attachment-large size-large wp-image-5810\" alt=\"\" srcset=\"https:\/\/zeltlager-thuine.de\/wp-content\/uploads\/2021\/01\/zela_2010_Bericht_06.jpg 400w, https:\/\/zeltlager-thuine.de\/wp-content\/uploads\/2021\/01\/zela_2010_Bericht_06-300x225.jpg 300w\" sizes=\"(max-width: 400px) 100vw, 400px\" \/>\t\t\t\t\t\t\t\t\t\t\t\t\t<\/div>\n\t\t\t\t<\/div>\n\t\t\t\t\t<\/div>\n\t\t<\/div>\n\t\t\t\t\t<\/div>\n\t\t<\/section>\n\t\t\t\t<section class=\"elementor-section elementor-top-section elementor-element elementor-element-4c2b2c7 elementor-section-boxed elementor-section-height-default elementor-section-height-default\" data-id=\"4c2b2c7\" data-element_type=\"section\">\n\t\t\t\t\t\t<div class=\"elementor-container elementor-column-gap-default\">\n\t\t\t\t\t<div class=\"elementor-column elementor-col-100 elementor-top-column elementor-element elementor-element-13b6ca5\" data-id=\"13b6ca5\" data-element_type=\"column\">\n\t\t\t<div class=\"elementor-widget-wrap elementor-element-populated\">\n\t\t\t\t\t\t<div class=\"elementor-element elementor-element-f3fcf4c elementor-widget elementor-widget-text-editor\" data-id=\"f3fcf4c\" data-element_type=\"widget\" data-widget_type=\"text-editor.default\">\n\t\t\t\t<div class=\"elementor-widget-container\">\n\t\t\t\t\t\t\t<span style=\"color: #000000;\">Der Platz, ein alter Bolzplatz, bot den Kindern viele M\u00f6glichkeiten zum Fu\u00dfball und Volleyballspielen, toben, baden und f\u00fcr Wasserschlachten. Zus\u00e4tzlich hatten die Gruppenleiter ein abwechslungsreiches Programm vorbereitet. Neben neuen Programmpunkten (u.a. Tanzkurs der 9. Klasse, s. Foto) wurden die traditionellen wie Lagerrunde, Stationsspiel und Mini-Playbackshow mit neuen Ideen aufgefrischt.<\/span>\t\t\t\t\t\t<\/div>\n\t\t\t\t<\/div>\n\t\t\t\t\t<\/div>\n\t\t<\/div>\n\t\t\t\t\t<\/div>\n\t\t<\/section>\n\t\t\t\t<section class=\"elementor-section elementor-top-section elementor-element elementor-element-29f15b9 elementor-section-boxed elementor-section-height-default elementor-section-height-default\" data-id=\"29f15b9\" data-element_type=\"section\">\n\t\t\t\t\t\t<div class=\"elementor-container elementor-column-gap-default\">\n\t\t\t\t\t<div class=\"elementor-column elementor-col-100 elementor-top-column elementor-element elementor-element-43ead22\" data-id=\"43ead22\" data-element_type=\"column\">\n\t\t\t<div class=\"elementor-widget-wrap elementor-element-populated\">\n\t\t\t\t\t\t<div class=\"elementor-element elementor-element-5fa8f86 elementor-widget elementor-widget-image\" data-id=\"5fa8f86\" data-element_type=\"widget\" data-widget_type=\"image.default\">\n\t\t\t\t<div class=\"elementor-widget-container\">\n\t\t\t\t\t\t\t\t\t\t\t\t\t<img loading=\"lazy\" decoding=\"async\" width=\"400\" height=\"300\" src=\"https:\/\/zeltlager-thuine.de\/wp-content\/uploads\/2021\/01\/zela_2010_Bericht_07.jpg\" class=\"attachment-large size-large wp-image-5811\" alt=\"\" srcset=\"https:\/\/zeltlager-thuine.de\/wp-content\/uploads\/2021\/01\/zela_2010_Bericht_07.jpg 400w, https:\/\/zeltlager-thuine.de\/wp-content\/uploads\/2021\/01\/zela_2010_Bericht_07-300x225.jpg 300w\" sizes=\"(max-width: 400px) 100vw, 400px\" \/>\t\t\t\t\t\t\t\t\t\t\t\t\t<\/div>\n\t\t\t\t<\/div>\n\t\t\t\t\t<\/div>\n\t\t<\/div>\n\t\t\t\t\t<\/div>\n\t\t<\/section>\n\t\t\t\t<section class=\"elementor-section elementor-top-section elementor-element elementor-element-ee973dd elementor-section-boxed elementor-section-height-default elementor-section-height-default\" data-id=\"ee973dd\" data-element_type=\"section\">\n\t\t\t\t\t\t<div class=\"elementor-container elementor-column-gap-default\">\n\t\t\t\t\t<div class=\"elementor-column elementor-col-100 elementor-top-column elementor-element elementor-element-dcd37fb\" data-id=\"dcd37fb\" data-element_type=\"column\">\n\t\t\t<div class=\"elementor-widget-wrap elementor-element-populated\">\n\t\t\t\t\t\t<div class=\"elementor-element elementor-element-f5b49f8 elementor-widget elementor-widget-text-editor\" data-id=\"f5b49f8\" data-element_type=\"widget\" data-widget_type=\"text-editor.default\">\n\t\t\t\t<div class=\"elementor-widget-container\">\n\t\t\t\t\t\t\t<span style=\"color: #000000;\">\u201eDie Spiele waren cool und haben Spa\u00df gemacht\u201c waren sich die 5. Klasse Jungs einig. Ein besonderes Erlebnis war in diesem Jahr das Wasserskifahren am Alfsee. Unter den kritischen Augen der 4.-6.Kl\u00e4ssler probierten sich die 7.-9. Klasse auf Wakeboard, Kneeboard und Skiern. Was ein Spa\u00df!<\/span>\t\t\t\t\t\t<\/div>\n\t\t\t\t<\/div>\n\t\t\t\t\t<\/div>\n\t\t<\/div>\n\t\t\t\t\t<\/div>\n\t\t<\/section>\n\t\t\t\t<section class=\"elementor-section elementor-top-section elementor-element elementor-element-862a81b elementor-section-boxed elementor-section-height-default elementor-section-height-default\" data-id=\"862a81b\" data-element_type=\"section\">\n\t\t\t\t\t\t<div class=\"elementor-container elementor-column-gap-default\">\n\t\t\t\t\t<div class=\"elementor-column elementor-col-100 elementor-top-column elementor-element elementor-element-70475c6\" data-id=\"70475c6\" data-element_type=\"column\">\n\t\t\t<div class=\"elementor-widget-wrap elementor-element-populated\">\n\t\t\t\t\t\t<div class=\"elementor-element elementor-element-3ed7179 elementor-widget elementor-widget-image\" data-id=\"3ed7179\" data-element_type=\"widget\" data-widget_type=\"image.default\">\n\t\t\t\t<div class=\"elementor-widget-container\">\n\t\t\t\t\t\t\t\t\t\t\t\t\t<img loading=\"lazy\" decoding=\"async\" width=\"400\" height=\"300\" src=\"https:\/\/zeltlager-thuine.de\/wp-content\/uploads\/2021\/01\/zela_2010_Bericht_09.jpg\" class=\"attachment-large size-large wp-image-5813\" alt=\"\" srcset=\"https:\/\/zeltlager-thuine.de\/wp-content\/uploads\/2021\/01\/zela_2010_Bericht_09.jpg 400w, https:\/\/zeltlager-thuine.de\/wp-content\/uploads\/2021\/01\/zela_2010_Bericht_09-300x225.jpg 300w\" sizes=\"(max-width: 400px) 100vw, 400px\" \/>\t\t\t\t\t\t\t\t\t\t\t\t\t<\/div>\n\t\t\t\t<\/div>\n\t\t\t\t\t<\/div>\n\t\t<\/div>\n\t\t\t\t\t<\/div>\n\t\t<\/section>\n\t\t\t\t<section class=\"elementor-section elementor-top-section elementor-element elementor-element-ecfe9b6 elementor-section-boxed elementor-section-height-default elementor-section-height-default\" data-id=\"ecfe9b6\" data-element_type=\"section\">\n\t\t\t\t\t\t<div class=\"elementor-container elementor-column-gap-default\">\n\t\t\t\t\t<div class=\"elementor-column elementor-col-100 elementor-top-column elementor-element elementor-element-31f5e29\" data-id=\"31f5e29\" data-element_type=\"column\">\n\t\t\t<div class=\"elementor-widget-wrap elementor-element-populated\">\n\t\t\t\t\t\t<div class=\"elementor-element elementor-element-21f2adf elementor-widget elementor-widget-text-editor\" data-id=\"21f2adf\" data-element_type=\"widget\" data-widget_type=\"text-editor.default\">\n\t\t\t\t<div class=\"elementor-widget-container\">\n\t\t\t\t\t\t\t<p><span style=\"color: #000000;\">Fast in jeder Nacht wurden die Kinder gefordert den Wimpel zu verteidigen. Mit Shampoo, Seife und Wasser bewaffnet wurden die \u00dcberfaller in die Flucht geschlagen. Einmal allerdings gelang es ihnen den 6m hohen Wimpel zu erklimmen. Die Belohnung hatten sie sich verdient!<\/span><\/p>\t\t\t\t\t\t<\/div>\n\t\t\t\t<\/div>\n\t\t\t\t\t<\/div>\n\t\t<\/div>\n\t\t\t\t\t<\/div>\n\t\t<\/section>\n\t\t\t\t<section class=\"elementor-section elementor-top-section elementor-element elementor-element-aa847ba elementor-section-boxed elementor-section-height-default elementor-section-height-default\" data-id=\"aa847ba\" data-element_type=\"section\">\n\t\t\t\t\t\t<div class=\"elementor-container elementor-column-gap-default\">\n\t\t\t\t\t<div class=\"elementor-column elementor-col-100 elementor-top-column elementor-element elementor-element-6deeb7c\" data-id=\"6deeb7c\" data-element_type=\"column\">\n\t\t\t<div class=\"elementor-widget-wrap elementor-element-populated\">\n\t\t\t\t\t\t<div class=\"elementor-element elementor-element-dcc4a63 elementor-widget elementor-widget-image\" data-id=\"dcc4a63\" data-element_type=\"widget\" data-widget_type=\"image.default\">\n\t\t\t\t<div class=\"elementor-widget-container\">\n\t\t\t\t\t\t\t\t\t\t\t\t\t<img loading=\"lazy\" decoding=\"async\" width=\"400\" height=\"300\" src=\"https:\/\/zeltlager-thuine.de\/wp-content\/uploads\/2021\/01\/zela_2010_Bericht_04.jpg\" class=\"attachment-large size-large wp-image-5808\" alt=\"\" srcset=\"https:\/\/zeltlager-thuine.de\/wp-content\/uploads\/2021\/01\/zela_2010_Bericht_04.jpg 400w, https:\/\/zeltlager-thuine.de\/wp-content\/uploads\/2021\/01\/zela_2010_Bericht_04-300x225.jpg 300w\" sizes=\"(max-width: 400px) 100vw, 400px\" \/>\t\t\t\t\t\t\t\t\t\t\t\t\t<\/div>\n\t\t\t\t<\/div>\n\t\t\t\t\t<\/div>\n\t\t<\/div>\n\t\t\t\t\t<\/div>\n\t\t<\/section>\n\t\t\t\t<section class=\"elementor-section elementor-top-section elementor-element elementor-element-14af45a elementor-section-boxed elementor-section-height-default elementor-section-height-default\" data-id=\"14af45a\" data-element_type=\"section\">\n\t\t\t\t\t\t<div class=\"elementor-container elementor-column-gap-default\">\n\t\t\t\t\t<div class=\"elementor-column elementor-col-100 elementor-top-column elementor-element elementor-element-d1772f9\" data-id=\"d1772f9\" data-element_type=\"column\">\n\t\t\t<div class=\"elementor-widget-wrap elementor-element-populated\">\n\t\t\t\t\t\t<div class=\"elementor-element elementor-element-81b8548 elementor-widget elementor-widget-text-editor\" data-id=\"81b8548\" data-element_type=\"widget\" data-widget_type=\"text-editor.default\">\n\t\t\t\t<div class=\"elementor-widget-container\">\n\t\t\t\t\t\t\t<p><span style=\"color: #000000;\">\u201eAbsolut super\u201c betitelt die 9. Klasse M\u00e4dels das Essen von Koch Bernhard Sunder. \u201eSelten so gut Mittag gegessen\u201c findet sogar Markus Hemker aus der 7. Klasse.<\/span><\/p>\t\t\t\t\t\t<\/div>\n\t\t\t\t<\/div>\n\t\t\t\t\t<\/div>\n\t\t<\/div>\n\t\t\t\t\t<\/div>\n\t\t<\/section>\n\t\t\t\t<section class=\"elementor-section elementor-top-section elementor-element elementor-element-5f88d72 elementor-section-boxed elementor-section-height-default elementor-section-height-default\" data-id=\"5f88d72\" data-element_type=\"section\">\n\t\t\t\t\t\t<div class=\"elementor-container elementor-column-gap-default\">\n\t\t\t\t\t<div class=\"elementor-column elementor-col-100 elementor-top-column elementor-element elementor-element-480c0e7\" data-id=\"480c0e7\" data-element_type=\"column\">\n\t\t\t<div class=\"elementor-widget-wrap elementor-element-populated\">\n\t\t\t\t\t\t<div class=\"elementor-element elementor-element-d5f8c58 elementor-widget elementor-widget-image\" data-id=\"d5f8c58\" data-element_type=\"widget\" data-widget_type=\"image.default\">\n\t\t\t\t<div class=\"elementor-widget-container\">\n\t\t\t\t\t\t\t\t\t\t\t\t\t<img loading=\"lazy\" decoding=\"async\" width=\"400\" height=\"300\" src=\"https:\/\/zeltlager-thuine.de\/wp-content\/uploads\/2021\/01\/zela_2010_Bericht_03.jpg\" class=\"attachment-large size-large wp-image-5807\" alt=\"\" srcset=\"https:\/\/zeltlager-thuine.de\/wp-content\/uploads\/2021\/01\/zela_2010_Bericht_03.jpg 400w, https:\/\/zeltlager-thuine.de\/wp-content\/uploads\/2021\/01\/zela_2010_Bericht_03-300x225.jpg 300w\" sizes=\"(max-width: 400px) 100vw, 400px\" \/>\t\t\t\t\t\t\t\t\t\t\t\t\t<\/div>\n\t\t\t\t<\/div>\n\t\t\t\t\t<\/div>\n\t\t<\/div>\n\t\t\t\t\t<\/div>\n\t\t<\/section>\n\t\t\t\t<section class=\"elementor-section elementor-top-section elementor-element elementor-element-2b6283f elementor-section-boxed elementor-section-height-default elementor-section-height-default\" data-id=\"2b6283f\" data-element_type=\"section\">\n\t\t\t\t\t\t<div class=\"elementor-container elementor-column-gap-default\">\n\t\t\t\t\t<div class=\"elementor-column elementor-col-100 elementor-top-column elementor-element elementor-element-fb6ea14\" data-id=\"fb6ea14\" data-element_type=\"column\">\n\t\t\t<div class=\"elementor-widget-wrap elementor-element-populated\">\n\t\t\t\t\t\t<div class=\"elementor-element elementor-element-880210b elementor-widget elementor-widget-text-editor\" data-id=\"880210b\" data-element_type=\"widget\" data-widget_type=\"text-editor.default\">\n\t\t\t\t<div class=\"elementor-widget-container\">\n\t\t\t\t\t\t\t<p><span style=\"color: #000000;\">Unterst\u00fctzt wurde Bernhard an einem Abend von der Familie Kock. Zum 10. Mal schon kamen sie mit ihrem Imbisswagen und versorgten kostenlos das 100-k\u00f6pfige Lager. Zudem leerten sie an diesem Tag offiziell ihr 3 Jahre altes Sparschwein, dessen Inhalt f\u00fcr den Verein \u201eHerzensw\u00fcnsche e.V.\u201c gespendet wird.<\/span><\/p>\t\t\t\t\t\t<\/div>\n\t\t\t\t<\/div>\n\t\t\t\t\t<\/div>\n\t\t<\/div>\n\t\t\t\t\t<\/div>\n\t\t<\/section>\n\t\t\t\t<section class=\"elementor-section elementor-top-section elementor-element elementor-element-f28e2ac elementor-section-boxed elementor-section-height-default elementor-section-height-default\" data-id=\"f28e2ac\" data-element_type=\"section\">\n\t\t\t\t\t\t<div class=\"elementor-container elementor-column-gap-default\">\n\t\t\t\t\t<div class=\"elementor-column elementor-col-100 elementor-top-column elementor-element elementor-element-40afde0\" data-id=\"40afde0\" data-element_type=\"column\">\n\t\t\t<div class=\"elementor-widget-wrap elementor-element-populated\">\n\t\t\t\t\t\t<div class=\"elementor-element elementor-element-7b9e8b9 elementor-widget elementor-widget-image\" data-id=\"7b9e8b9\" data-element_type=\"widget\" data-widget_type=\"image.default\">\n\t\t\t\t<div class=\"elementor-widget-container\">\n\t\t\t\t\t\t\t\t\t\t\t\t\t<img loading=\"lazy\" decoding=\"async\" width=\"400\" height=\"300\" src=\"https:\/\/zeltlager-thuine.de\/wp-content\/uploads\/2021\/01\/zela_2010_Bericht_05.jpg\" class=\"attachment-large size-large wp-image-5809\" alt=\"\" srcset=\"https:\/\/zeltlager-thuine.de\/wp-content\/uploads\/2021\/01\/zela_2010_Bericht_05.jpg 400w, https:\/\/zeltlager-thuine.de\/wp-content\/uploads\/2021\/01\/zela_2010_Bericht_05-300x225.jpg 300w\" sizes=\"(max-width: 400px) 100vw, 400px\" \/>\t\t\t\t\t\t\t\t\t\t\t\t\t<\/div>\n\t\t\t\t<\/div>\n\t\t\t\t\t<\/div>\n\t\t<\/div>\n\t\t\t\t\t<\/div>\n\t\t<\/section>\n\t\t\t\t<section class=\"elementor-section elementor-top-section elementor-element elementor-element-25ff1f0 elementor-section-boxed elementor-section-height-default elementor-section-height-default\" data-id=\"25ff1f0\" data-element_type=\"section\">\n\t\t\t\t\t\t<div class=\"elementor-container elementor-column-gap-default\">\n\t\t\t\t\t<div class=\"elementor-column elementor-col-100 elementor-top-column elementor-element elementor-element-4aaa5c4\" data-id=\"4aaa5c4\" data-element_type=\"column\">\n\t\t\t<div class=\"elementor-widget-wrap elementor-element-populated\">\n\t\t\t\t\t\t<div class=\"elementor-element elementor-element-e3d1731 elementor-widget elementor-widget-text-editor\" data-id=\"e3d1731\" data-element_type=\"widget\" data-widget_type=\"text-editor.default\">\n\t\t\t\t<div class=\"elementor-widget-container\">\n\t\t\t\t\t\t\t<p><span style=\"color: #000000;\">Insgesamt war das Zeltlager 2010 ein ganz besonderes Abenteuer. DANKE Peter f\u00fcr das beste Lager, das wir je erlebt haben!! Wir freuen uns schon auf&#8217;s n\u00e4chste Jahr!<\/span><\/p>\t\t\t\t\t\t<\/div>\n\t\t\t\t<\/div>\n\t\t\t\t\t<\/div>\n\t\t<\/div>\n\t\t\t\t\t<\/div>\n\t\t<\/section>\n\t\t\t\t<section class=\"elementor-section elementor-top-section elementor-element elementor-element-e156694 elementor-section-boxed elementor-section-height-default elementor-section-height-default\" data-id=\"e156694\" data-element_type=\"section\">\n\t\t\t\t\t\t<div class=\"elementor-container elementor-column-gap-default\">\n\t\t\t\t\t<div class=\"elementor-column elementor-col-100 elementor-top-column elementor-element elementor-element-18970a5\" data-id=\"18970a5\" data-element_type=\"column\">\n\t\t\t<div class=\"elementor-widget-wrap elementor-element-populated\">\n\t\t\t\t\t\t<div class=\"elementor-element elementor-element-11da63d elementor-widget elementor-widget-image\" data-id=\"11da63d\" data-element_type=\"widget\" data-widget_type=\"image.default\">\n\t\t\t\t<div class=\"elementor-widget-container\">\n\t\t\t\t\t\t\t\t\t\t\t\t\t<img loading=\"lazy\" decoding=\"async\" width=\"400\" height=\"300\" src=\"https:\/\/zeltlager-thuine.de\/wp-content\/uploads\/2021\/01\/zela_2010_Bericht_08.jpg\" class=\"attachment-large size-large wp-image-5812\" alt=\"\" srcset=\"https:\/\/zeltlager-thuine.de\/wp-content\/uploads\/2021\/01\/zela_2010_Bericht_08.jpg 400w, https:\/\/zeltlager-thuine.de\/wp-content\/uploads\/2021\/01\/zela_2010_Bericht_08-300x225.jpg 300w\" sizes=\"(max-width: 400px) 100vw, 400px\" \/>\t\t\t\t\t\t\t\t\t\t\t\t\t<\/div>\n\t\t\t\t<\/div>\n\t\t\t\t\t<\/div>\n\t\t<\/div>\n\t\t\t\t\t<\/div>\n\t\t<\/section>\n\t\t\t\t<section class=\"elementor-section elementor-top-section elementor-element elementor-element-70d5757 elementor-section-boxed elementor-section-height-default elementor-section-height-default\" data-id=\"70d5757\" data-element_type=\"section\">\n\t\t\t\t\t\t<div class=\"elementor-container elementor-column-gap-default\">\n\t\t\t\t\t<div class=\"elementor-column elementor-col-100 elementor-top-column elementor-element elementor-element-9b8c7bf\" data-id=\"9b8c7bf\" data-element_type=\"column\">\n\t\t\t<div class=\"elementor-widget-wrap elementor-element-populated\">\n\t\t\t\t\t\t<div class=\"elementor-element elementor-element-8825928 elementor-widget elementor-widget-text-editor\" data-id=\"8825928\" data-element_type=\"widget\" data-widget_type=\"text-editor.default\">\n\t\t\t\t<div class=\"elementor-widget-container\">\n\t\t\t\t\t\t\t<p><span style=\"color: #000000;\">Wir bedanken uns besonders bei:<\/span><\/p><ul><li><span style=\"color: #000000;\">Allen die uns in welcher Form auch immer unterst\u00fctzen und hier nicht genannt sind<\/span><\/li><li><span style=\"color: #000000;\">Eduard Bolte f\u00fcr Stom und Wasser<\/span><\/li><li><span style=\"color: #000000;\">Familie Bossart f\u00fcr den K\u00fchlwagen und vieles mehr<\/span><\/li><li><span style=\"color: #000000;\">Martin Diestel f\u00fcr den An- und Abtransport des Materials<\/span><\/li><li><span style=\"color: #000000;\">Gemeinde Thuine und Christoph J\u00f6rling f\u00fcr die Spende und die Unterst\u00fctzung<\/span><\/li><li><span style=\"color: #000000;\">Ludger Gude und seinem Team f\u00fcr die sichere Anreise der Kinder<\/span><\/li><li><span style=\"color: #000000;\">Firma Kampmann f\u00fcr das Feuerholz<\/span><\/li><li><span style=\"color: #000000;\">Firma Kall f\u00fcr die Unterst\u00fctzung<\/span><\/li><li><span style=\"color: #000000;\">Kirchengemeinde Thuine und Pastor H\u00f6ckelmann f\u00fcr die Unterst\u00fctzung<\/span><\/li><li><span style=\"color: #000000;\">Familie Kock f\u00fcr Currywurst und Pommes Mayo<\/span><\/li><li><span style=\"color: #000000;\">Firma Kuiter f\u00fcr den LKW und vieles mehr<\/span><\/li><li><span style=\"color: #000000;\">Firma Laake f\u00fcr die Unterst\u00fctzung<\/span><\/li><li><span style=\"color: #000000;\">Georg Nostoff f\u00fcr den Abtransport des Materials<\/span><\/li><li><span style=\"color: #000000;\">Ralph Prekel f\u00fcr Schl\u00fcsselb\u00e4nder, Eis und vieles mehr<\/span><\/li><li><span style=\"color: #000000;\">Familie van Roje f\u00fcr die Feuerschale<\/span><\/li><li><span style=\"color: #000000;\">Rolings Mia und Sunders Heidi f\u00fcr unmegen Kuchen<\/span><\/li><li><span style=\"color: #000000;\">Franz Sunder f\u00fcr die Mitarbeit an der neuen Waschanlage<\/span><\/li><li><span style=\"color: #000000;\">Familie Surmann f\u00fcr die Busfahrt<\/span><\/li><li><span style=\"color: #000000;\">Firma Voss f\u00fcr den LKW und den Anh\u00e4nger<\/span><\/li><li><span style=\"color: #000000;\">Hermann Weilage f\u00fcr den Zeltplatz<\/span><\/li><\/ul>\t\t\t\t\t\t<\/div>\n\t\t\t\t<\/div>\n\t\t\t\t\t<\/div>\n\t\t<\/div>\n\t\t\t\t\t<\/div>\n\t\t<\/section>\n\t\t\t\t<section class=\"elementor-section elementor-top-section elementor-element elementor-element-70a7ff6 elementor-section-boxed elementor-section-height-default elementor-section-height-default\" data-id=\"70a7ff6\" data-element_type=\"section\">\n\t\t\t\t\t\t<div class=\"elementor-container elementor-column-gap-default\">\n\t\t\t\t\t<div class=\"elementor-column elementor-col-100 elementor-top-column elementor-element elementor-element-1f3e42c\" data-id=\"1f3e42c\" data-element_type=\"column\">\n\t\t\t<div class=\"elementor-widget-wrap elementor-element-populated\">\n\t\t\t\t\t\t<div class=\"elementor-element elementor-element-d4614b7 elementor-widget elementor-widget-text-editor\" data-id=\"d4614b7\" data-element_type=\"widget\" data-widget_type=\"text-editor.default\">\n\t\t\t\t<div class=\"elementor-widget-container\">\n\t\t\t\t\t\t\t<p><span style=\"color: #000000;\">Stand: 2010<\/span><\/p>\t\t\t\t\t\t<\/div>\n\t\t\t\t<\/div>\n\t\t\t\t\t<\/div>\n\t\t<\/div>\n\t\t\t\t\t<\/div>\n\t\t<\/section>\n\t\t\t\t<\/div>\n\t\t","protected":false},"excerpt":{"rendered":"<p>Zeltlager 2010 in Rieste Endlich Ferien&#8230; endlich Zeltlager! Endlich wieder eine Woche in \u201efreier Wildbahn\u201c genie\u00dfen. Das siebenk\u00f6pfige Aufbauteam unter Leitung von Klaus M\u00f6ller hatte gro\u00dfartige Arbeit geleistet. Nicht nur die Standards wie z. B. das K\u00fcchenzelt und der 24m lange Unterstand wurden aufgebaut, sondern wie schon so oft wurden wir auch in diesem Jahr [&hellip;]<\/p>\n","protected":false},"author":1,"featured_media":0,"parent":0,"menu_order":0,"comment_status":"closed","ping_status":"closed","template":"","meta":{"ocean_post_layout":"full-screen","ocean_both_sidebars_style":"","ocean_both_sidebars_content_width":0,"ocean_both_sidebars_sidebars_width":0,"ocean_sidebar":"0","ocean_second_sidebar":"0","ocean_disable_margins":"enable","ocean_add_body_class":"","ocean_shortcode_before_top_bar":"","ocean_shortcode_after_top_bar":"","ocean_shortcode_before_header":"","ocean_shortcode_after_header":"","ocean_has_shortcode":"","ocean_shortcode_after_title":"","ocean_shortcode_before_footer_widgets":"","ocean_shortcode_after_footer_widgets":"","ocean_shortcode_before_footer_bottom":"","ocean_shortcode_after_footer_bottom":"","ocean_display_top_bar":"off","ocean_display_header":"on","ocean_header_style":"","ocean_center_header_left_menu":"0","ocean_custom_header_template":"0","ocean_custom_logo":0,"ocean_custom_retina_logo":0,"ocean_custom_logo_max_width":0,"ocean_custom_logo_tablet_max_width":0,"ocean_custom_logo_mobile_max_width":0,"ocean_custom_logo_max_height":0,"ocean_custom_logo_tablet_max_height":0,"ocean_custom_logo_mobile_max_height":0,"ocean_header_custom_menu":"0","ocean_menu_typo_font_family":"0","ocean_menu_typo_font_subset":"","ocean_menu_typo_font_size":0,"ocean_menu_typo_font_size_tablet":0,"ocean_menu_typo_font_size_mobile":0,"ocean_menu_typo_font_size_unit":"px","ocean_menu_typo_font_weight":"","ocean_menu_typo_font_weight_tablet":"","ocean_menu_typo_font_weight_mobile":"","ocean_menu_typo_transform":"","ocean_menu_typo_transform_tablet":"","ocean_menu_typo_transform_mobile":"","ocean_menu_typo_line_height":0,"ocean_menu_typo_line_height_tablet":0,"ocean_menu_typo_line_height_mobile":0,"ocean_menu_typo_line_height_unit":"","ocean_menu_typo_spacing":0,"ocean_menu_typo_spacing_tablet":0,"ocean_menu_typo_spacing_mobile":0,"ocean_menu_typo_spacing_unit":"","ocean_menu_link_color":"","ocean_menu_link_color_hover":"","ocean_menu_link_color_active":"","ocean_menu_link_background":"","ocean_menu_link_hover_background":"","ocean_menu_link_active_background":"","ocean_menu_social_links_bg":"","ocean_menu_social_hover_links_bg":"","ocean_menu_social_links_color":"","ocean_menu_social_hover_links_color":"","ocean_disable_title":"on","ocean_disable_heading":"default","ocean_post_title":"","ocean_post_subheading":"","ocean_post_title_style":"","ocean_post_title_background_color":"","ocean_post_title_background":0,"ocean_post_title_bg_image_position":"","ocean_post_title_bg_image_attachment":"","ocean_post_title_bg_image_repeat":"","ocean_post_title_bg_image_size":"","ocean_post_title_height":0,"ocean_post_title_bg_overlay":0.5,"ocean_post_title_bg_overlay_color":"","ocean_disable_breadcrumbs":"default","ocean_breadcrumbs_color":"","ocean_breadcrumbs_separator_color":"","ocean_breadcrumbs_links_color":"","ocean_breadcrumbs_links_hover_color":"","ocean_display_footer_widgets":"off","ocean_display_footer_bottom":"off","ocean_custom_footer_template":"0","footnotes":""},"class_list":["post-5935","page","type-page","status-publish","hentry","entry"],"_links":{"self":[{"href":"https:\/\/zeltlager-thuine.de\/index.php\/wp-json\/wp\/v2\/pages\/5935"}],"collection":[{"href":"https:\/\/zeltlager-thuine.de\/index.php\/wp-json\/wp\/v2\/pages"}],"about":[{"href":"https:\/\/zeltlager-thuine.de\/index.php\/wp-json\/wp\/v2\/types\/page"}],"author":[{"embeddable":true,"href":"https:\/\/zeltlager-thuine.de\/index.php\/wp-json\/wp\/v2\/users\/1"}],"replies":[{"embeddable":true,"href":"https:\/\/zeltlager-thuine.de\/index.php\/wp-json\/wp\/v2\/comments?post=5935"}],"version-history":[{"count":7,"href":"https:\/\/zeltlager-thuine.de\/index.php\/wp-json\/wp\/v2\/pages\/5935\/revisions"}],"predecessor-version":[{"id":5949,"href":"https:\/\/zeltlager-thuine.de\/index.php\/wp-json\/wp\/v2\/pages\/5935\/revisions\/5949"}],"wp:attachment":[{"href":"https:\/\/zeltlager-thuine.de\/index.php\/wp-json\/wp\/v2\/media?parent=5935"}],"curies":[{"name":"wp","href":"https:\/\/api.w.org\/{rel}","templated":true}]}}