{"id":5929,"date":"2021-02-03T20:58:52","date_gmt":"2021-02-03T20:58:52","guid":{"rendered":"https:\/\/zeltlager-thuine.de\/?page_id=5929"},"modified":"2021-02-03T21:27:39","modified_gmt":"2021-02-03T21:27:39","slug":"2011-2","status":"publish","type":"page","link":"https:\/\/zeltlager-thuine.de\/index.php\/2011-2\/","title":{"rendered":"2011"},"content":{"rendered":"\t\t<div data-elementor-type=\"wp-page\" data-elementor-id=\"5929\" class=\"elementor elementor-5929\">\n\t\t\t\t\t\t<section class=\"elementor-section elementor-top-section elementor-element elementor-element-04dcea1 elementor-section-boxed elementor-section-height-default elementor-section-height-default\" data-id=\"04dcea1\" data-element_type=\"section\">\n\t\t\t\t\t\t<div class=\"elementor-container elementor-column-gap-default\">\n\t\t\t\t\t<div class=\"elementor-column elementor-col-100 elementor-top-column elementor-element elementor-element-5f28e16\" data-id=\"5f28e16\" data-element_type=\"column\">\n\t\t\t<div class=\"elementor-widget-wrap elementor-element-populated\">\n\t\t\t\t\t\t<div class=\"elementor-element elementor-element-036d80b elementor-widget elementor-widget-heading\" data-id=\"036d80b\" data-element_type=\"widget\" data-widget_type=\"heading.default\">\n\t\t\t\t<div class=\"elementor-widget-container\">\n\t\t\t<h2 class=\"elementor-heading-title elementor-size-default\"><br>Zeltlager 2011 in Hasel\u00fcnne<\/h2>\t\t<\/div>\n\t\t\t\t<\/div>\n\t\t\t\t\t<\/div>\n\t\t<\/div>\n\t\t\t\t\t<\/div>\n\t\t<\/section>\n\t\t\t\t<section class=\"elementor-section elementor-top-section elementor-element elementor-element-9a7b8e0 elementor-section-boxed elementor-section-height-default elementor-section-height-default\" data-id=\"9a7b8e0\" data-element_type=\"section\">\n\t\t\t\t\t\t<div class=\"elementor-container elementor-column-gap-default\">\n\t\t\t\t\t<div class=\"elementor-column elementor-col-100 elementor-top-column elementor-element elementor-element-e723655\" data-id=\"e723655\" data-element_type=\"column\">\n\t\t\t<div class=\"elementor-widget-wrap elementor-element-populated\">\n\t\t\t\t\t\t<div class=\"elementor-element elementor-element-79725e0 elementor-widget elementor-widget-text-editor\" data-id=\"79725e0\" data-element_type=\"widget\" data-widget_type=\"text-editor.default\">\n\t\t\t\t<div class=\"elementor-widget-container\">\n\t\t\t\t\t\t\t<span style=\"color: #000000;\">Nach 12 Jahren Lagerleitung und knapp 35 Jahren Zeltlagererfahrung beendet Peter Kock in diesem Jahr seine Zeltlageraera. Zusammen mit 67 Kindern, 24 Gruppenleitern und dem 4-k\u00f6pfigen K\u00fcchenteam konnte er in diesem Jahr in Hasel\u00fcnne einen fr\u00f6hlichen Abschied feiern. <\/span>\t\t\t\t\t\t<\/div>\n\t\t\t\t<\/div>\n\t\t\t\t\t<\/div>\n\t\t<\/div>\n\t\t\t\t\t<\/div>\n\t\t<\/section>\n\t\t\t\t<section class=\"elementor-section elementor-top-section elementor-element elementor-element-9f08ee7 elementor-section-boxed elementor-section-height-default elementor-section-height-default\" data-id=\"9f08ee7\" data-element_type=\"section\">\n\t\t\t\t\t\t<div class=\"elementor-container elementor-column-gap-default\">\n\t\t\t\t\t<div class=\"elementor-column elementor-col-100 elementor-top-column elementor-element elementor-element-d539a8b\" data-id=\"d539a8b\" data-element_type=\"column\">\n\t\t\t<div class=\"elementor-widget-wrap elementor-element-populated\">\n\t\t\t\t\t\t<div class=\"elementor-element elementor-element-80cddf8 elementor-widget elementor-widget-image\" data-id=\"80cddf8\" data-element_type=\"widget\" data-widget_type=\"image.default\">\n\t\t\t\t<div class=\"elementor-widget-container\">\n\t\t\t\t\t\t\t\t\t\t\t\t\t<img fetchpriority=\"high\" decoding=\"async\" width=\"372\" height=\"508\" src=\"https:\/\/zeltlager-thuine.de\/wp-content\/uploads\/2021\/01\/zela_2011_Bericht_01.jpg\" class=\"attachment-large size-large wp-image-5814\" alt=\"\" srcset=\"https:\/\/zeltlager-thuine.de\/wp-content\/uploads\/2021\/01\/zela_2011_Bericht_01.jpg 372w, https:\/\/zeltlager-thuine.de\/wp-content\/uploads\/2021\/01\/zela_2011_Bericht_01-220x300.jpg 220w\" sizes=\"(max-width: 372px) 100vw, 372px\" \/>\t\t\t\t\t\t\t\t\t\t\t\t\t<\/div>\n\t\t\t\t<\/div>\n\t\t\t\t\t<\/div>\n\t\t<\/div>\n\t\t\t\t\t<\/div>\n\t\t<\/section>\n\t\t\t\t<section class=\"elementor-section elementor-top-section elementor-element elementor-element-31bab03 elementor-section-boxed elementor-section-height-default elementor-section-height-default\" data-id=\"31bab03\" data-element_type=\"section\">\n\t\t\t\t\t\t<div class=\"elementor-container elementor-column-gap-default\">\n\t\t\t\t\t<div class=\"elementor-column elementor-col-100 elementor-top-column elementor-element elementor-element-168527a\" data-id=\"168527a\" data-element_type=\"column\">\n\t\t\t<div class=\"elementor-widget-wrap elementor-element-populated\">\n\t\t\t\t\t\t<div class=\"elementor-element elementor-element-8fa85f5 elementor-widget elementor-widget-text-editor\" data-id=\"8fa85f5\" data-element_type=\"widget\" data-widget_type=\"text-editor.default\">\n\t\t\t\t<div class=\"elementor-widget-container\">\n\t\t\t\t\t\t\t<p><span style=\"color: #000000;\">Das Planungsteam hatte sich schon im Winter zusammengesetzt und ein abwechslungsreiches Programm erstellt und freute sich zusammen mit den Gruppenleitern auf Ferienbeginn, auf viele neugierige und gut gelaunte Kinder und eine Woche Zeltlager.<\/span><\/p><p><span style=\"color: #000000;\">Der Platz an der Hase bot viel Platz zum Frisbee werfen, Beachball spielen, Doppelkopf lernen und nat\u00fcrlich um das Programm durchzuf\u00fchren. Highlights waren in diesem Jahr die Kanutour, die Nachtwanderung und das Schlechtwetterprogramm, eine Fahrt ins Linus nach Lingen. Gro\u00dfe Spannung bot auch der Geschlechterkampf am letzten Abend, bei dem die Jungen ihre St\u00e4rke bewiesen haben. Die Verabschiedung von Peter wurde mit einem fantastischen Feuerwerk abgerundet.<\/span><\/p>\t\t\t\t\t\t<\/div>\n\t\t\t\t<\/div>\n\t\t\t\t\t<\/div>\n\t\t<\/div>\n\t\t\t\t\t<\/div>\n\t\t<\/section>\n\t\t\t\t<section class=\"elementor-section elementor-top-section elementor-element elementor-element-7a92942 elementor-section-boxed elementor-section-height-default elementor-section-height-default\" data-id=\"7a92942\" data-element_type=\"section\">\n\t\t\t\t\t\t<div class=\"elementor-container elementor-column-gap-default\">\n\t\t\t\t\t<div class=\"elementor-column elementor-col-100 elementor-top-column elementor-element elementor-element-95999ae\" data-id=\"95999ae\" data-element_type=\"column\">\n\t\t\t<div class=\"elementor-widget-wrap elementor-element-populated\">\n\t\t\t\t\t\t<div class=\"elementor-element elementor-element-2ceb878 elementor-widget elementor-widget-image\" data-id=\"2ceb878\" data-element_type=\"widget\" data-widget_type=\"image.default\">\n\t\t\t\t<div class=\"elementor-widget-container\">\n\t\t\t\t\t\t\t\t\t\t\t\t\t<img decoding=\"async\" width=\"600\" height=\"450\" src=\"https:\/\/zeltlager-thuine.de\/wp-content\/uploads\/2021\/01\/zela_2011_Bericht_02.jpg\" class=\"attachment-large size-large wp-image-5815\" alt=\"\" srcset=\"https:\/\/zeltlager-thuine.de\/wp-content\/uploads\/2021\/01\/zela_2011_Bericht_02.jpg 600w, https:\/\/zeltlager-thuine.de\/wp-content\/uploads\/2021\/01\/zela_2011_Bericht_02-300x225.jpg 300w\" sizes=\"(max-width: 600px) 100vw, 600px\" \/>\t\t\t\t\t\t\t\t\t\t\t\t\t<\/div>\n\t\t\t\t<\/div>\n\t\t\t\t\t<\/div>\n\t\t<\/div>\n\t\t\t\t\t<\/div>\n\t\t<\/section>\n\t\t\t\t<section class=\"elementor-section elementor-top-section elementor-element elementor-element-8f9c70c elementor-section-boxed elementor-section-height-default elementor-section-height-default\" data-id=\"8f9c70c\" data-element_type=\"section\">\n\t\t\t\t\t\t<div class=\"elementor-container elementor-column-gap-default\">\n\t\t\t\t\t<div class=\"elementor-column elementor-col-100 elementor-top-column elementor-element elementor-element-9c53829\" data-id=\"9c53829\" data-element_type=\"column\">\n\t\t\t<div class=\"elementor-widget-wrap elementor-element-populated\">\n\t\t\t\t\t\t<div class=\"elementor-element elementor-element-28953e7 elementor-widget elementor-widget-text-editor\" data-id=\"28953e7\" data-element_type=\"widget\" data-widget_type=\"text-editor.default\">\n\t\t\t\t<div class=\"elementor-widget-container\">\n\t\t\t\t\t\t\t<span style=\"color: #000000;\">Vielen Dank Peter f\u00fcr deine jahrelange Arbeit und deinen Einsatz f\u00fcr das Zeltlager Thuine-Suttrup-Lohe!!<\/span>\t\t\t\t\t\t<\/div>\n\t\t\t\t<\/div>\n\t\t\t\t\t<\/div>\n\t\t<\/div>\n\t\t\t\t\t<\/div>\n\t\t<\/section>\n\t\t\t\t<section class=\"elementor-section elementor-top-section elementor-element elementor-element-6f9cc7f elementor-section-boxed elementor-section-height-default elementor-section-height-default\" data-id=\"6f9cc7f\" data-element_type=\"section\">\n\t\t\t\t\t\t<div class=\"elementor-container elementor-column-gap-default\">\n\t\t\t\t\t<div class=\"elementor-column elementor-col-100 elementor-top-column elementor-element elementor-element-409e5ff\" data-id=\"409e5ff\" data-element_type=\"column\">\n\t\t\t<div class=\"elementor-widget-wrap elementor-element-populated\">\n\t\t\t\t\t\t<div class=\"elementor-element elementor-element-ee5c5b8 elementor-widget elementor-widget-image\" data-id=\"ee5c5b8\" data-element_type=\"widget\" data-widget_type=\"image.default\">\n\t\t\t\t<div class=\"elementor-widget-container\">\n\t\t\t\t\t\t\t\t\t\t\t\t\t<img decoding=\"async\" width=\"360\" height=\"640\" src=\"https:\/\/zeltlager-thuine.de\/wp-content\/uploads\/2021\/01\/zela_2011_Bericht_03.jpg\" class=\"attachment-large size-large wp-image-5816\" alt=\"\" srcset=\"https:\/\/zeltlager-thuine.de\/wp-content\/uploads\/2021\/01\/zela_2011_Bericht_03.jpg 360w, https:\/\/zeltlager-thuine.de\/wp-content\/uploads\/2021\/01\/zela_2011_Bericht_03-169x300.jpg 169w\" sizes=\"(max-width: 360px) 100vw, 360px\" \/>\t\t\t\t\t\t\t\t\t\t\t\t\t<\/div>\n\t\t\t\t<\/div>\n\t\t\t\t\t<\/div>\n\t\t<\/div>\n\t\t\t\t\t<\/div>\n\t\t<\/section>\n\t\t\t\t<section class=\"elementor-section elementor-top-section elementor-element elementor-element-4c2b2c7 elementor-section-boxed elementor-section-height-default elementor-section-height-default\" data-id=\"4c2b2c7\" data-element_type=\"section\">\n\t\t\t\t\t\t<div class=\"elementor-container elementor-column-gap-default\">\n\t\t\t\t\t<div class=\"elementor-column elementor-col-100 elementor-top-column elementor-element elementor-element-13b6ca5\" data-id=\"13b6ca5\" data-element_type=\"column\">\n\t\t\t<div class=\"elementor-widget-wrap elementor-element-populated\">\n\t\t\t\t\t\t<div class=\"elementor-element elementor-element-f3fcf4c elementor-widget elementor-widget-text-editor\" data-id=\"f3fcf4c\" data-element_type=\"widget\" data-widget_type=\"text-editor.default\">\n\t\t\t\t<div class=\"elementor-widget-container\">\n\t\t\t\t\t\t\t<span style=\"color: #000000;\">Unser Dank gilt au\u00dferdem dem Aufbauteam, die das Zeltlager offensichtlich wasser- und windfest aufgebaut haben sowie dem K\u00fcchenteam und dem Planungsteam. Vielen Dank an die Gruppenleiter, die ihre Programmpunkte vorbildlich vorbereitet haben und sich eine Woche lang f\u00fcr und mit den Kindern engagiert haben. Ein weiterer Dank gilt auch denen, die sich auch in diesem Jahr wieder um den Auf- und Abbau und die Durchf\u00fchrung des Zeltlagers bem\u00fcht haben, u.a. Martin Diestel, Georg Nosthoff, Dieter Albers, Firma Kuiter, Firma Kall, Firma Voss, die Radfahrer um Ludger Gude und all die Anderen, die hier nicht genannt sind, uns aber immer wieder tatkr\u00e4ftig unterst\u00fctzen.<\/span>\t\t\t\t\t\t<\/div>\n\t\t\t\t<\/div>\n\t\t\t\t\t<\/div>\n\t\t<\/div>\n\t\t\t\t\t<\/div>\n\t\t<\/section>\n\t\t\t\t<section class=\"elementor-section elementor-top-section elementor-element elementor-element-29f15b9 elementor-section-boxed elementor-section-height-default elementor-section-height-default\" data-id=\"29f15b9\" data-element_type=\"section\">\n\t\t\t\t\t\t<div class=\"elementor-container elementor-column-gap-default\">\n\t\t\t\t\t<div class=\"elementor-column elementor-col-100 elementor-top-column elementor-element elementor-element-43ead22\" data-id=\"43ead22\" data-element_type=\"column\">\n\t\t\t<div class=\"elementor-widget-wrap elementor-element-populated\">\n\t\t\t\t\t\t<div class=\"elementor-element elementor-element-5fa8f86 elementor-widget elementor-widget-image\" data-id=\"5fa8f86\" data-element_type=\"widget\" data-widget_type=\"image.default\">\n\t\t\t\t<div class=\"elementor-widget-container\">\n\t\t\t\t\t\t\t\t\t\t\t\t\t<img loading=\"lazy\" decoding=\"async\" width=\"640\" height=\"480\" src=\"https:\/\/zeltlager-thuine.de\/wp-content\/uploads\/2021\/01\/zela_2011_Bericht_04.jpg\" class=\"attachment-large size-large wp-image-5817\" alt=\"\" srcset=\"https:\/\/zeltlager-thuine.de\/wp-content\/uploads\/2021\/01\/zela_2011_Bericht_04.jpg 640w, https:\/\/zeltlager-thuine.de\/wp-content\/uploads\/2021\/01\/zela_2011_Bericht_04-300x225.jpg 300w\" sizes=\"(max-width: 640px) 100vw, 640px\" \/>\t\t\t\t\t\t\t\t\t\t\t\t\t<\/div>\n\t\t\t\t<\/div>\n\t\t\t\t\t<\/div>\n\t\t<\/div>\n\t\t\t\t\t<\/div>\n\t\t<\/section>\n\t\t\t\t<section class=\"elementor-section elementor-top-section elementor-element elementor-element-ee973dd elementor-section-boxed elementor-section-height-default elementor-section-height-default\" data-id=\"ee973dd\" data-element_type=\"section\">\n\t\t\t\t\t\t<div class=\"elementor-container elementor-column-gap-default\">\n\t\t\t\t\t<div class=\"elementor-column elementor-col-100 elementor-top-column elementor-element elementor-element-dcd37fb\" data-id=\"dcd37fb\" data-element_type=\"column\">\n\t\t\t<div class=\"elementor-widget-wrap elementor-element-populated\">\n\t\t\t\t\t\t<div class=\"elementor-element elementor-element-f5b49f8 elementor-widget elementor-widget-text-editor\" data-id=\"f5b49f8\" data-element_type=\"widget\" data-widget_type=\"text-editor.default\">\n\t\t\t\t<div class=\"elementor-widget-container\">\n\t\t\t\t\t\t\t<span style=\"color: #000000;\">Das gro\u00dfartige Erlebnis Zeltlager, f\u00fcr das sich viele Leute gerne engagieren, wird nat\u00fcrlich weitergef\u00fchrt. Klaus M\u00f6ller und Judith Mey bilden das neue Lagerleitungsteam und freuen sich zusammen mit dem K\u00fcchenteam und dem Planungsteam auf viele weitere Jahre im Zeltlager Thuine-Suttrup-Lohe.<\/span>\t\t\t\t\t\t<\/div>\n\t\t\t\t<\/div>\n\t\t\t\t\t<\/div>\n\t\t<\/div>\n\t\t\t\t\t<\/div>\n\t\t<\/section>\n\t\t\t\t<section class=\"elementor-section elementor-top-section elementor-element elementor-element-862a81b elementor-section-boxed elementor-section-height-default elementor-section-height-default\" data-id=\"862a81b\" data-element_type=\"section\">\n\t\t\t\t\t\t<div class=\"elementor-container elementor-column-gap-default\">\n\t\t\t\t\t<div class=\"elementor-column elementor-col-100 elementor-top-column elementor-element elementor-element-70475c6\" data-id=\"70475c6\" data-element_type=\"column\">\n\t\t\t<div class=\"elementor-widget-wrap elementor-element-populated\">\n\t\t\t\t\t\t<div class=\"elementor-element elementor-element-3ed7179 elementor-widget elementor-widget-image\" data-id=\"3ed7179\" data-element_type=\"widget\" data-widget_type=\"image.default\">\n\t\t\t\t<div class=\"elementor-widget-container\">\n\t\t\t\t\t\t\t\t\t\t\t\t\t<img loading=\"lazy\" decoding=\"async\" width=\"640\" height=\"480\" src=\"https:\/\/zeltlager-thuine.de\/wp-content\/uploads\/2021\/01\/zela_2011_Bericht_05.jpg\" class=\"attachment-large size-large wp-image-5818\" alt=\"\" srcset=\"https:\/\/zeltlager-thuine.de\/wp-content\/uploads\/2021\/01\/zela_2011_Bericht_05.jpg 640w, https:\/\/zeltlager-thuine.de\/wp-content\/uploads\/2021\/01\/zela_2011_Bericht_05-300x225.jpg 300w\" sizes=\"(max-width: 640px) 100vw, 640px\" \/>\t\t\t\t\t\t\t\t\t\t\t\t\t<\/div>\n\t\t\t\t<\/div>\n\t\t\t\t\t<\/div>\n\t\t<\/div>\n\t\t\t\t\t<\/div>\n\t\t<\/section>\n\t\t\t\t<section class=\"elementor-section elementor-top-section elementor-element elementor-element-aa847ba elementor-section-boxed elementor-section-height-default elementor-section-height-default\" data-id=\"aa847ba\" data-element_type=\"section\">\n\t\t\t\t\t\t<div class=\"elementor-container elementor-column-gap-default\">\n\t\t\t\t\t<div class=\"elementor-column elementor-col-100 elementor-top-column elementor-element elementor-element-6deeb7c\" data-id=\"6deeb7c\" data-element_type=\"column\">\n\t\t\t<div class=\"elementor-widget-wrap elementor-element-populated\">\n\t\t\t\t\t\t<div class=\"elementor-element elementor-element-dcc4a63 elementor-widget elementor-widget-image\" data-id=\"dcc4a63\" data-element_type=\"widget\" data-widget_type=\"image.default\">\n\t\t\t\t<div class=\"elementor-widget-container\">\n\t\t\t\t\t\t\t\t\t\t\t\t\t<img loading=\"lazy\" decoding=\"async\" width=\"640\" height=\"360\" src=\"https:\/\/zeltlager-thuine.de\/wp-content\/uploads\/2021\/01\/zela_2011_Bericht_06.jpg\" class=\"attachment-large size-large wp-image-5819\" alt=\"\" srcset=\"https:\/\/zeltlager-thuine.de\/wp-content\/uploads\/2021\/01\/zela_2011_Bericht_06.jpg 640w, https:\/\/zeltlager-thuine.de\/wp-content\/uploads\/2021\/01\/zela_2011_Bericht_06-300x169.jpg 300w\" sizes=\"(max-width: 640px) 100vw, 640px\" \/>\t\t\t\t\t\t\t\t\t\t\t\t\t<\/div>\n\t\t\t\t<\/div>\n\t\t\t\t\t<\/div>\n\t\t<\/div>\n\t\t\t\t\t<\/div>\n\t\t<\/section>\n\t\t\t\t<section class=\"elementor-section elementor-top-section elementor-element elementor-element-5f88d72 elementor-section-boxed elementor-section-height-default elementor-section-height-default\" data-id=\"5f88d72\" data-element_type=\"section\">\n\t\t\t\t\t\t<div class=\"elementor-container elementor-column-gap-default\">\n\t\t\t\t\t<div class=\"elementor-column elementor-col-100 elementor-top-column elementor-element elementor-element-480c0e7\" data-id=\"480c0e7\" data-element_type=\"column\">\n\t\t\t<div class=\"elementor-widget-wrap elementor-element-populated\">\n\t\t\t\t\t\t<div class=\"elementor-element elementor-element-d5f8c58 elementor-widget elementor-widget-image\" data-id=\"d5f8c58\" data-element_type=\"widget\" data-widget_type=\"image.default\">\n\t\t\t\t<div class=\"elementor-widget-container\">\n\t\t\t\t\t\t\t\t\t\t\t\t\t<img loading=\"lazy\" decoding=\"async\" width=\"640\" height=\"360\" src=\"https:\/\/zeltlager-thuine.de\/wp-content\/uploads\/2021\/01\/zela_2011_Bericht_07.jpg\" class=\"attachment-large size-large wp-image-5820\" alt=\"\" srcset=\"https:\/\/zeltlager-thuine.de\/wp-content\/uploads\/2021\/01\/zela_2011_Bericht_07.jpg 640w, https:\/\/zeltlager-thuine.de\/wp-content\/uploads\/2021\/01\/zela_2011_Bericht_07-300x169.jpg 300w\" sizes=\"(max-width: 640px) 100vw, 640px\" \/>\t\t\t\t\t\t\t\t\t\t\t\t\t<\/div>\n\t\t\t\t<\/div>\n\t\t\t\t\t<\/div>\n\t\t<\/div>\n\t\t\t\t\t<\/div>\n\t\t<\/section>\n\t\t\t\t<section class=\"elementor-section elementor-top-section elementor-element elementor-element-70a7ff6 elementor-section-boxed elementor-section-height-default elementor-section-height-default\" data-id=\"70a7ff6\" data-element_type=\"section\">\n\t\t\t\t\t\t<div class=\"elementor-container elementor-column-gap-default\">\n\t\t\t\t\t<div class=\"elementor-column elementor-col-100 elementor-top-column elementor-element elementor-element-1f3e42c\" data-id=\"1f3e42c\" data-element_type=\"column\">\n\t\t\t<div class=\"elementor-widget-wrap elementor-element-populated\">\n\t\t\t\t\t\t<div class=\"elementor-element elementor-element-d4614b7 elementor-widget elementor-widget-text-editor\" data-id=\"d4614b7\" data-element_type=\"widget\" data-widget_type=\"text-editor.default\">\n\t\t\t\t<div class=\"elementor-widget-container\">\n\t\t\t\t\t\t\t<p><span style=\"color: #000000;\">Stand: 2011<\/span><\/p>\t\t\t\t\t\t<\/div>\n\t\t\t\t<\/div>\n\t\t\t\t\t<\/div>\n\t\t<\/div>\n\t\t\t\t\t<\/div>\n\t\t<\/section>\n\t\t\t\t<\/div>\n\t\t","protected":false},"excerpt":{"rendered":"<p>Zeltlager 2011 in Hasel\u00fcnne Nach 12 Jahren Lagerleitung und knapp 35 Jahren Zeltlagererfahrung beendet Peter Kock in diesem Jahr seine Zeltlageraera. Zusammen mit 67 Kindern, 24 Gruppenleitern und dem 4-k\u00f6pfigen K\u00fcchenteam konnte er in diesem Jahr in Hasel\u00fcnne einen fr\u00f6hlichen Abschied feiern. Das Planungsteam hatte sich schon im Winter zusammengesetzt und ein abwechslungsreiches Programm erstellt [&hellip;]<\/p>\n","protected":false},"author":1,"featured_media":0,"parent":0,"menu_order":0,"comment_status":"closed","ping_status":"closed","template":"","meta":{"ocean_post_layout":"full-screen","ocean_both_sidebars_style":"","ocean_both_sidebars_content_width":0,"ocean_both_sidebars_sidebars_width":0,"ocean_sidebar":"0","ocean_second_sidebar":"0","ocean_disable_margins":"enable","ocean_add_body_class":"","ocean_shortcode_before_top_bar":"","ocean_shortcode_after_top_bar":"","ocean_shortcode_before_header":"","ocean_shortcode_after_header":"","ocean_has_shortcode":"","ocean_shortcode_after_title":"","ocean_shortcode_before_footer_widgets":"","ocean_shortcode_after_footer_widgets":"","ocean_shortcode_before_footer_bottom":"","ocean_shortcode_after_footer_bottom":"","ocean_display_top_bar":"off","ocean_display_header":"on","ocean_header_style":"","ocean_center_header_left_menu":"0","ocean_custom_header_template":"0","ocean_custom_logo":0,"ocean_custom_retina_logo":0,"ocean_custom_logo_max_width":0,"ocean_custom_logo_tablet_max_width":0,"ocean_custom_logo_mobile_max_width":0,"ocean_custom_logo_max_height":0,"ocean_custom_logo_tablet_max_height":0,"ocean_custom_logo_mobile_max_height":0,"ocean_header_custom_menu":"0","ocean_menu_typo_font_family":"0","ocean_menu_typo_font_subset":"","ocean_menu_typo_font_size":0,"ocean_menu_typo_font_size_tablet":0,"ocean_menu_typo_font_size_mobile":0,"ocean_menu_typo_font_size_unit":"px","ocean_menu_typo_font_weight":"","ocean_menu_typo_font_weight_tablet":"","ocean_menu_typo_font_weight_mobile":"","ocean_menu_typo_transform":"","ocean_menu_typo_transform_tablet":"","ocean_menu_typo_transform_mobile":"","ocean_menu_typo_line_height":0,"ocean_menu_typo_line_height_tablet":0,"ocean_menu_typo_line_height_mobile":0,"ocean_menu_typo_line_height_unit":"","ocean_menu_typo_spacing":0,"ocean_menu_typo_spacing_tablet":0,"ocean_menu_typo_spacing_mobile":0,"ocean_menu_typo_spacing_unit":"","ocean_menu_link_color":"","ocean_menu_link_color_hover":"","ocean_menu_link_color_active":"","ocean_menu_link_background":"","ocean_menu_link_hover_background":"","ocean_menu_link_active_background":"","ocean_menu_social_links_bg":"","ocean_menu_social_hover_links_bg":"","ocean_menu_social_links_color":"","ocean_menu_social_hover_links_color":"","ocean_disable_title":"on","ocean_disable_heading":"default","ocean_post_title":"","ocean_post_subheading":"","ocean_post_title_style":"","ocean_post_title_background_color":"","ocean_post_title_background":0,"ocean_post_title_bg_image_position":"","ocean_post_title_bg_image_attachment":"","ocean_post_title_bg_image_repeat":"","ocean_post_title_bg_image_size":"","ocean_post_title_height":0,"ocean_post_title_bg_overlay":0.5,"ocean_post_title_bg_overlay_color":"","ocean_disable_breadcrumbs":"default","ocean_breadcrumbs_color":"","ocean_breadcrumbs_separator_color":"","ocean_breadcrumbs_links_color":"","ocean_breadcrumbs_links_hover_color":"","ocean_display_footer_widgets":"off","ocean_display_footer_bottom":"off","ocean_custom_footer_template":"0","footnotes":""},"class_list":["post-5929","page","type-page","status-publish","hentry","entry"],"_links":{"self":[{"href":"https:\/\/zeltlager-thuine.de\/index.php\/wp-json\/wp\/v2\/pages\/5929"}],"collection":[{"href":"https:\/\/zeltlager-thuine.de\/index.php\/wp-json\/wp\/v2\/pages"}],"about":[{"href":"https:\/\/zeltlager-thuine.de\/index.php\/wp-json\/wp\/v2\/types\/page"}],"author":[{"embeddable":true,"href":"https:\/\/zeltlager-thuine.de\/index.php\/wp-json\/wp\/v2\/users\/1"}],"replies":[{"embeddable":true,"href":"https:\/\/zeltlager-thuine.de\/index.php\/wp-json\/wp\/v2\/comments?post=5929"}],"version-history":[{"count":7,"href":"https:\/\/zeltlager-thuine.de\/index.php\/wp-json\/wp\/v2\/pages\/5929\/revisions"}],"predecessor-version":[{"id":5952,"href":"https:\/\/zeltlager-thuine.de\/index.php\/wp-json\/wp\/v2\/pages\/5929\/revisions\/5952"}],"wp:attachment":[{"href":"https:\/\/zeltlager-thuine.de\/index.php\/wp-json\/wp\/v2\/media?parent=5929"}],"curies":[{"name":"wp","href":"https:\/\/api.w.org\/{rel}","templated":true}]}}