{"id":5874,"date":"2021-01-31T21:15:28","date_gmt":"2021-01-31T21:15:28","guid":{"rendered":"https:\/\/zeltlager-thuine.de\/?page_id=5874"},"modified":"2021-01-31T21:41:21","modified_gmt":"2021-01-31T21:41:21","slug":"2017-2","status":"publish","type":"page","link":"https:\/\/zeltlager-thuine.de\/index.php\/2017-2\/","title":{"rendered":"2017"},"content":{"rendered":"\t\t<div data-elementor-type=\"wp-page\" data-elementor-id=\"5874\" class=\"elementor elementor-5874\">\n\t\t\t\t\t\t<section class=\"elementor-section elementor-top-section elementor-element elementor-element-04dcea1 elementor-section-boxed elementor-section-height-default elementor-section-height-default\" data-id=\"04dcea1\" data-element_type=\"section\">\n\t\t\t\t\t\t<div class=\"elementor-container elementor-column-gap-default\">\n\t\t\t\t\t<div class=\"elementor-column elementor-col-100 elementor-top-column elementor-element elementor-element-5f28e16\" data-id=\"5f28e16\" data-element_type=\"column\">\n\t\t\t<div class=\"elementor-widget-wrap elementor-element-populated\">\n\t\t\t\t\t\t<div class=\"elementor-element elementor-element-036d80b elementor-widget elementor-widget-heading\" data-id=\"036d80b\" data-element_type=\"widget\" data-widget_type=\"heading.default\">\n\t\t\t\t<div class=\"elementor-widget-container\">\n\t\t\t<h2 class=\"elementor-heading-title elementor-size-default\"><br>Zeltlager 2017 in L\u00f6ningen<\/h2>\t\t<\/div>\n\t\t\t\t<\/div>\n\t\t\t\t\t<\/div>\n\t\t<\/div>\n\t\t\t\t\t<\/div>\n\t\t<\/section>\n\t\t\t\t<section class=\"elementor-section elementor-top-section elementor-element elementor-element-9a7b8e0 elementor-section-boxed elementor-section-height-default elementor-section-height-default\" data-id=\"9a7b8e0\" data-element_type=\"section\">\n\t\t\t\t\t\t<div class=\"elementor-container elementor-column-gap-default\">\n\t\t\t\t\t<div class=\"elementor-column elementor-col-100 elementor-top-column elementor-element elementor-element-e723655\" data-id=\"e723655\" data-element_type=\"column\">\n\t\t\t<div class=\"elementor-widget-wrap elementor-element-populated\">\n\t\t\t\t\t\t<div class=\"elementor-element elementor-element-79725e0 elementor-widget elementor-widget-text-editor\" data-id=\"79725e0\" data-element_type=\"widget\" data-widget_type=\"text-editor.default\">\n\t\t\t\t<div class=\"elementor-widget-container\">\n\t\t\t\t\t\t\t<p><span style=\"color: #000000;\">Am Samstag den 24. Juni 2017 starteten 76 Kinder bei gutem Wetter mit dem Fahrrad in das diesj\u00e4hrige Zeltlager nach R\u00f6pke bei L\u00f6ningen. Das bereits seit einigen Jahren eingespielte, 18 k\u00f6pfige Begleitteam sorgte daf\u00fcr, dass die 44km lange Strecke ohne Probleme gemeistert werden konnte.<\/span><\/p>\t\t\t\t\t\t<\/div>\n\t\t\t\t<\/div>\n\t\t\t\t\t<\/div>\n\t\t<\/div>\n\t\t\t\t\t<\/div>\n\t\t<\/section>\n\t\t\t\t<section class=\"elementor-section elementor-top-section elementor-element elementor-element-9f08ee7 elementor-section-boxed elementor-section-height-default elementor-section-height-default\" data-id=\"9f08ee7\" data-element_type=\"section\">\n\t\t\t\t\t\t<div class=\"elementor-container elementor-column-gap-default\">\n\t\t\t\t\t<div class=\"elementor-column elementor-col-100 elementor-top-column elementor-element elementor-element-d539a8b\" data-id=\"d539a8b\" data-element_type=\"column\">\n\t\t\t<div class=\"elementor-widget-wrap elementor-element-populated\">\n\t\t\t\t\t\t<div class=\"elementor-element elementor-element-80cddf8 elementor-widget elementor-widget-image\" data-id=\"80cddf8\" data-element_type=\"widget\" data-widget_type=\"image.default\">\n\t\t\t\t<div class=\"elementor-widget-container\">\n\t\t\t\t\t\t\t\t\t\t\t\t\t<img fetchpriority=\"high\" decoding=\"async\" width=\"1024\" height=\"576\" src=\"https:\/\/zeltlager-thuine.de\/wp-content\/uploads\/2021\/01\/zela_2017_Bericht_01-1024x576.jpg\" class=\"attachment-large size-large wp-image-5847\" alt=\"\" srcset=\"https:\/\/zeltlager-thuine.de\/wp-content\/uploads\/2021\/01\/zela_2017_Bericht_01-1024x576.jpg 1024w, https:\/\/zeltlager-thuine.de\/wp-content\/uploads\/2021\/01\/zela_2017_Bericht_01-300x169.jpg 300w, https:\/\/zeltlager-thuine.de\/wp-content\/uploads\/2021\/01\/zela_2017_Bericht_01-768x432.jpg 768w, https:\/\/zeltlager-thuine.de\/wp-content\/uploads\/2021\/01\/zela_2017_Bericht_01.jpg 1200w\" sizes=\"(max-width: 1024px) 100vw, 1024px\" \/>\t\t\t\t\t\t\t\t\t\t\t\t\t<\/div>\n\t\t\t\t<\/div>\n\t\t\t\t\t<\/div>\n\t\t<\/div>\n\t\t\t\t\t<\/div>\n\t\t<\/section>\n\t\t\t\t<section class=\"elementor-section elementor-top-section elementor-element elementor-element-00cabb3 elementor-section-boxed elementor-section-height-default elementor-section-height-default\" data-id=\"00cabb3\" data-element_type=\"section\">\n\t\t\t\t\t\t<div class=\"elementor-container elementor-column-gap-default\">\n\t\t\t\t\t<div class=\"elementor-column elementor-col-100 elementor-top-column elementor-element elementor-element-51ab705\" data-id=\"51ab705\" data-element_type=\"column\">\n\t\t\t<div class=\"elementor-widget-wrap elementor-element-populated\">\n\t\t\t\t\t\t<div class=\"elementor-element elementor-element-f565994 elementor-widget elementor-widget-text-editor\" data-id=\"f565994\" data-element_type=\"widget\" data-widget_type=\"text-editor.default\">\n\t\t\t\t<div class=\"elementor-widget-container\">\n\t\t\t\t\t\t\t<p><span style=\"font-family: Arial, sans-serif; color: #000000;\">Im Zeltlager angekommen konnten die Kinder sofort ihre Zelte beziehen, die, wie der Rest des Zeltlagers auch, schon in den Tagen zuvor vom Aufbauteam aufgebaut worden waren.<\/span><\/p><p><span style=\"font-family: Arial, sans-serif; color: #000000;\">Nachdem die starken Jungs der neunten Klasse den riesigen Wimpelmast aufgestellt hatten, wurden alle Kinder von der Lagerleitung in Gestalt von Klaus M\u00f6ller und Julia Bruns begr\u00fc\u00dft. F\u00fcr das Abendprogramm mit der traditionellen Lagerrunde hatten die Gruppenleiter viele verschiedene Spiele vorbereitet, wie etwa den absoluten Klassiker \u201eAuf den Tisch des Hauses\u201c.<\/span><\/p><p><span style=\"font-family: Arial, sans-serif; color: #000000;\">Den ersten Abend lie\u00dfen viele Kinder beim Singen am Lagerfeuer ausklingen<\/span><\/p>\t\t\t\t\t\t<\/div>\n\t\t\t\t<\/div>\n\t\t\t\t\t<\/div>\n\t\t<\/div>\n\t\t\t\t\t<\/div>\n\t\t<\/section>\n\t\t\t\t<section class=\"elementor-section elementor-top-section elementor-element elementor-element-487bcbd elementor-section-boxed elementor-section-height-default elementor-section-height-default\" data-id=\"487bcbd\" data-element_type=\"section\">\n\t\t\t\t\t\t<div class=\"elementor-container elementor-column-gap-default\">\n\t\t\t\t\t<div class=\"elementor-column elementor-col-100 elementor-top-column elementor-element elementor-element-8488bc7\" data-id=\"8488bc7\" data-element_type=\"column\">\n\t\t\t<div class=\"elementor-widget-wrap elementor-element-populated\">\n\t\t\t\t\t\t<div class=\"elementor-element elementor-element-dd16ba2 elementor-widget elementor-widget-image\" data-id=\"dd16ba2\" data-element_type=\"widget\" data-widget_type=\"image.default\">\n\t\t\t\t<div class=\"elementor-widget-container\">\n\t\t\t\t\t\t\t\t\t\t\t\t\t<img decoding=\"async\" width=\"1024\" height=\"683\" src=\"https:\/\/zeltlager-thuine.de\/wp-content\/uploads\/2021\/01\/zela_2017_Bericht_02-1024x683.jpg\" class=\"attachment-large size-large wp-image-5848\" alt=\"\" srcset=\"https:\/\/zeltlager-thuine.de\/wp-content\/uploads\/2021\/01\/zela_2017_Bericht_02-1024x683.jpg 1024w, https:\/\/zeltlager-thuine.de\/wp-content\/uploads\/2021\/01\/zela_2017_Bericht_02-300x200.jpg 300w, https:\/\/zeltlager-thuine.de\/wp-content\/uploads\/2021\/01\/zela_2017_Bericht_02-768x512.jpg 768w, https:\/\/zeltlager-thuine.de\/wp-content\/uploads\/2021\/01\/zela_2017_Bericht_02.jpg 1200w\" sizes=\"(max-width: 1024px) 100vw, 1024px\" \/>\t\t\t\t\t\t\t\t\t\t\t\t\t<\/div>\n\t\t\t\t<\/div>\n\t\t\t\t\t<\/div>\n\t\t<\/div>\n\t\t\t\t\t<\/div>\n\t\t<\/section>\n\t\t\t\t<section class=\"elementor-section elementor-top-section elementor-element elementor-element-e5d5147 elementor-section-boxed elementor-section-height-default elementor-section-height-default\" data-id=\"e5d5147\" data-element_type=\"section\">\n\t\t\t\t\t\t<div class=\"elementor-container elementor-column-gap-default\">\n\t\t\t\t\t<div class=\"elementor-column elementor-col-100 elementor-top-column elementor-element elementor-element-88e6995\" data-id=\"88e6995\" data-element_type=\"column\">\n\t\t\t<div class=\"elementor-widget-wrap elementor-element-populated\">\n\t\t\t\t\t\t<div class=\"elementor-element elementor-element-4a169e4 elementor-widget elementor-widget-image\" data-id=\"4a169e4\" data-element_type=\"widget\" data-widget_type=\"image.default\">\n\t\t\t\t<div class=\"elementor-widget-container\">\n\t\t\t\t\t\t\t\t\t\t\t\t\t<img decoding=\"async\" width=\"1024\" height=\"683\" src=\"https:\/\/zeltlager-thuine.de\/wp-content\/uploads\/2021\/01\/zela_2017_Bericht_03-1024x683.jpg\" class=\"attachment-large size-large wp-image-5849\" alt=\"\" srcset=\"https:\/\/zeltlager-thuine.de\/wp-content\/uploads\/2021\/01\/zela_2017_Bericht_03-1024x683.jpg 1024w, https:\/\/zeltlager-thuine.de\/wp-content\/uploads\/2021\/01\/zela_2017_Bericht_03-300x200.jpg 300w, https:\/\/zeltlager-thuine.de\/wp-content\/uploads\/2021\/01\/zela_2017_Bericht_03-768x512.jpg 768w, https:\/\/zeltlager-thuine.de\/wp-content\/uploads\/2021\/01\/zela_2017_Bericht_03.jpg 1200w\" sizes=\"(max-width: 1024px) 100vw, 1024px\" \/>\t\t\t\t\t\t\t\t\t\t\t\t\t<\/div>\n\t\t\t\t<\/div>\n\t\t\t\t\t<\/div>\n\t\t<\/div>\n\t\t\t\t\t<\/div>\n\t\t<\/section>\n\t\t\t\t<section class=\"elementor-section elementor-top-section elementor-element elementor-element-1c3fa55 elementor-section-boxed elementor-section-height-default elementor-section-height-default\" data-id=\"1c3fa55\" data-element_type=\"section\">\n\t\t\t\t\t\t<div class=\"elementor-container elementor-column-gap-default\">\n\t\t\t\t\t<div class=\"elementor-column elementor-col-100 elementor-top-column elementor-element elementor-element-82a6661\" data-id=\"82a6661\" data-element_type=\"column\">\n\t\t\t<div class=\"elementor-widget-wrap elementor-element-populated\">\n\t\t\t\t\t\t<div class=\"elementor-element elementor-element-d8914a8 elementor-widget elementor-widget-text-editor\" data-id=\"d8914a8\" data-element_type=\"widget\" data-widget_type=\"text-editor.default\">\n\t\t\t\t<div class=\"elementor-widget-container\">\n\t\t\t\t\t\t\t<p><span style=\"color: #000000;\">Der n\u00e4chste Tag startete mit einem Stationsspiel. Nachmittags bekamen wir dann Besuch von Pastor H\u00f6ckelmann, Vertretern des Kirchenvorstands sowie des Gemeinderates. Wir feierten zusammen eine Zeltlagermesse bei der auch unser neues K\u00fcchenzelt geweiht wurden. Ein gro\u00dfes Dankesch\u00f6n an alle Beteiligten die die Anschaffung eines so wichtigen Bestandteiles des Zeltlagers erm\u00f6glicht haben!<\/span><\/p>\t\t\t\t\t\t<\/div>\n\t\t\t\t<\/div>\n\t\t\t\t\t<\/div>\n\t\t<\/div>\n\t\t\t\t\t<\/div>\n\t\t<\/section>\n\t\t\t\t<section class=\"elementor-section elementor-top-section elementor-element elementor-element-7fd51e4 elementor-section-boxed elementor-section-height-default elementor-section-height-default\" data-id=\"7fd51e4\" data-element_type=\"section\">\n\t\t\t\t\t\t<div class=\"elementor-container elementor-column-gap-default\">\n\t\t\t\t\t<div class=\"elementor-column elementor-col-100 elementor-top-column elementor-element elementor-element-17b5636\" data-id=\"17b5636\" data-element_type=\"column\">\n\t\t\t<div class=\"elementor-widget-wrap elementor-element-populated\">\n\t\t\t\t\t\t<div class=\"elementor-element elementor-element-d9d9596 elementor-widget elementor-widget-image\" data-id=\"d9d9596\" data-element_type=\"widget\" data-widget_type=\"image.default\">\n\t\t\t\t<div class=\"elementor-widget-container\">\n\t\t\t\t\t\t\t\t\t\t\t\t\t<img loading=\"lazy\" decoding=\"async\" width=\"1024\" height=\"683\" src=\"https:\/\/zeltlager-thuine.de\/wp-content\/uploads\/2021\/01\/zela_2017_Bericht_04-1024x683.jpg\" class=\"attachment-large size-large wp-image-5850\" alt=\"\" srcset=\"https:\/\/zeltlager-thuine.de\/wp-content\/uploads\/2021\/01\/zela_2017_Bericht_04-1024x683.jpg 1024w, https:\/\/zeltlager-thuine.de\/wp-content\/uploads\/2021\/01\/zela_2017_Bericht_04-300x200.jpg 300w, https:\/\/zeltlager-thuine.de\/wp-content\/uploads\/2021\/01\/zela_2017_Bericht_04-768x512.jpg 768w, https:\/\/zeltlager-thuine.de\/wp-content\/uploads\/2021\/01\/zela_2017_Bericht_04.jpg 1200w\" sizes=\"(max-width: 1024px) 100vw, 1024px\" \/>\t\t\t\t\t\t\t\t\t\t\t\t\t<\/div>\n\t\t\t\t<\/div>\n\t\t\t\t\t<\/div>\n\t\t<\/div>\n\t\t\t\t\t<\/div>\n\t\t<\/section>\n\t\t\t\t<section class=\"elementor-section elementor-top-section elementor-element elementor-element-e0e5d49 elementor-section-boxed elementor-section-height-default elementor-section-height-default\" data-id=\"e0e5d49\" data-element_type=\"section\">\n\t\t\t\t\t\t<div class=\"elementor-container elementor-column-gap-default\">\n\t\t\t\t\t<div class=\"elementor-column elementor-col-100 elementor-top-column elementor-element elementor-element-0502622\" data-id=\"0502622\" data-element_type=\"column\">\n\t\t\t<div class=\"elementor-widget-wrap elementor-element-populated\">\n\t\t\t\t\t\t<div class=\"elementor-element elementor-element-11645be elementor-widget elementor-widget-image\" data-id=\"11645be\" data-element_type=\"widget\" data-widget_type=\"image.default\">\n\t\t\t\t<div class=\"elementor-widget-container\">\n\t\t\t\t\t\t\t\t\t\t\t\t\t<img loading=\"lazy\" decoding=\"async\" width=\"1024\" height=\"683\" src=\"https:\/\/zeltlager-thuine.de\/wp-content\/uploads\/2021\/01\/zela_2017_Bericht_05-1024x683.jpg\" class=\"attachment-large size-large wp-image-5851\" alt=\"\" srcset=\"https:\/\/zeltlager-thuine.de\/wp-content\/uploads\/2021\/01\/zela_2017_Bericht_05-1024x683.jpg 1024w, https:\/\/zeltlager-thuine.de\/wp-content\/uploads\/2021\/01\/zela_2017_Bericht_05-300x200.jpg 300w, https:\/\/zeltlager-thuine.de\/wp-content\/uploads\/2021\/01\/zela_2017_Bericht_05-768x512.jpg 768w, https:\/\/zeltlager-thuine.de\/wp-content\/uploads\/2021\/01\/zela_2017_Bericht_05.jpg 1200w\" sizes=\"(max-width: 1024px) 100vw, 1024px\" \/>\t\t\t\t\t\t\t\t\t\t\t\t\t<\/div>\n\t\t\t\t<\/div>\n\t\t\t\t\t<\/div>\n\t\t<\/div>\n\t\t\t\t\t<\/div>\n\t\t<\/section>\n\t\t\t\t<section class=\"elementor-section elementor-top-section elementor-element elementor-element-fde9b5e elementor-section-boxed elementor-section-height-default elementor-section-height-default\" data-id=\"fde9b5e\" data-element_type=\"section\">\n\t\t\t\t\t\t<div class=\"elementor-container elementor-column-gap-default\">\n\t\t\t\t\t<div class=\"elementor-column elementor-col-100 elementor-top-column elementor-element elementor-element-f2a5360\" data-id=\"f2a5360\" data-element_type=\"column\">\n\t\t\t<div class=\"elementor-widget-wrap elementor-element-populated\">\n\t\t\t\t\t\t<div class=\"elementor-element elementor-element-3a38766 elementor-widget elementor-widget-text-editor\" data-id=\"3a38766\" data-element_type=\"widget\" data-widget_type=\"text-editor.default\">\n\t\t\t\t<div class=\"elementor-widget-container\">\n\t\t\t\t\t\t\t<p><span style=\"color: #000000;\">Nach dem Abendbrot ging es dann bei der interaktiven Show \u201eSchlag den Gruppenleiter\u201c ordentlich zur Sache. In unterschiedlichsten Disziplinen, wie \u201eBlindes Fingern\u00e4gel lackieren\u201c, \u201eMarshmallows in den Mund stopfen\u201c und Leitergolf traten die Gruppenleiter gegen die Gruppenkinder an und mussten sich ihren Sch\u00fctzlingen letztlich geschlagen geben.<\/span><\/p>\t\t\t\t\t\t<\/div>\n\t\t\t\t<\/div>\n\t\t\t\t\t<\/div>\n\t\t<\/div>\n\t\t\t\t\t<\/div>\n\t\t<\/section>\n\t\t\t\t<section class=\"elementor-section elementor-top-section elementor-element elementor-element-deb2382 elementor-section-boxed elementor-section-height-default elementor-section-height-default\" data-id=\"deb2382\" data-element_type=\"section\">\n\t\t\t\t\t\t<div class=\"elementor-container elementor-column-gap-default\">\n\t\t\t\t\t<div class=\"elementor-column elementor-col-100 elementor-top-column elementor-element elementor-element-f6a2582\" data-id=\"f6a2582\" data-element_type=\"column\">\n\t\t\t<div class=\"elementor-widget-wrap elementor-element-populated\">\n\t\t\t\t\t\t<div class=\"elementor-element elementor-element-0d8f084 elementor-widget elementor-widget-image\" data-id=\"0d8f084\" data-element_type=\"widget\" data-widget_type=\"image.default\">\n\t\t\t\t<div class=\"elementor-widget-container\">\n\t\t\t\t\t\t\t\t\t\t\t\t\t<img loading=\"lazy\" decoding=\"async\" width=\"1024\" height=\"683\" src=\"https:\/\/zeltlager-thuine.de\/wp-content\/uploads\/2021\/01\/zela_2017_Bericht_06-1024x683.jpg\" class=\"attachment-large size-large wp-image-5852\" alt=\"\" srcset=\"https:\/\/zeltlager-thuine.de\/wp-content\/uploads\/2021\/01\/zela_2017_Bericht_06-1024x683.jpg 1024w, https:\/\/zeltlager-thuine.de\/wp-content\/uploads\/2021\/01\/zela_2017_Bericht_06-300x200.jpg 300w, https:\/\/zeltlager-thuine.de\/wp-content\/uploads\/2021\/01\/zela_2017_Bericht_06-768x512.jpg 768w, https:\/\/zeltlager-thuine.de\/wp-content\/uploads\/2021\/01\/zela_2017_Bericht_06.jpg 1200w\" sizes=\"(max-width: 1024px) 100vw, 1024px\" \/>\t\t\t\t\t\t\t\t\t\t\t\t\t<\/div>\n\t\t\t\t<\/div>\n\t\t\t\t\t<\/div>\n\t\t<\/div>\n\t\t\t\t\t<\/div>\n\t\t<\/section>\n\t\t\t\t<section class=\"elementor-section elementor-top-section elementor-element elementor-element-3f7c876 elementor-section-boxed elementor-section-height-default elementor-section-height-default\" data-id=\"3f7c876\" data-element_type=\"section\">\n\t\t\t\t\t\t<div class=\"elementor-container elementor-column-gap-default\">\n\t\t\t\t\t<div class=\"elementor-column elementor-col-100 elementor-top-column elementor-element elementor-element-99d3aa3\" data-id=\"99d3aa3\" data-element_type=\"column\">\n\t\t\t<div class=\"elementor-widget-wrap elementor-element-populated\">\n\t\t\t\t\t\t<div class=\"elementor-element elementor-element-3e2c013 elementor-widget elementor-widget-image\" data-id=\"3e2c013\" data-element_type=\"widget\" data-widget_type=\"image.default\">\n\t\t\t\t<div class=\"elementor-widget-container\">\n\t\t\t\t\t\t\t\t\t\t\t\t\t<img loading=\"lazy\" decoding=\"async\" width=\"1024\" height=\"683\" src=\"https:\/\/zeltlager-thuine.de\/wp-content\/uploads\/2021\/01\/zela_2017_Bericht_07-1024x683.jpg\" class=\"attachment-large size-large wp-image-5853\" alt=\"\" srcset=\"https:\/\/zeltlager-thuine.de\/wp-content\/uploads\/2021\/01\/zela_2017_Bericht_07-1024x683.jpg 1024w, https:\/\/zeltlager-thuine.de\/wp-content\/uploads\/2021\/01\/zela_2017_Bericht_07-300x200.jpg 300w, https:\/\/zeltlager-thuine.de\/wp-content\/uploads\/2021\/01\/zela_2017_Bericht_07-768x512.jpg 768w, https:\/\/zeltlager-thuine.de\/wp-content\/uploads\/2021\/01\/zela_2017_Bericht_07.jpg 1200w\" sizes=\"(max-width: 1024px) 100vw, 1024px\" \/>\t\t\t\t\t\t\t\t\t\t\t\t\t<\/div>\n\t\t\t\t<\/div>\n\t\t\t\t\t<\/div>\n\t\t<\/div>\n\t\t\t\t\t<\/div>\n\t\t<\/section>\n\t\t\t\t<section class=\"elementor-section elementor-top-section elementor-element elementor-element-855a193 elementor-section-boxed elementor-section-height-default elementor-section-height-default\" data-id=\"855a193\" data-element_type=\"section\">\n\t\t\t\t\t\t<div class=\"elementor-container elementor-column-gap-default\">\n\t\t\t\t\t<div class=\"elementor-column elementor-col-100 elementor-top-column elementor-element elementor-element-3dcc651\" data-id=\"3dcc651\" data-element_type=\"column\">\n\t\t\t<div class=\"elementor-widget-wrap elementor-element-populated\">\n\t\t\t\t\t\t<div class=\"elementor-element elementor-element-eb7b3aa elementor-widget elementor-widget-text-editor\" data-id=\"eb7b3aa\" data-element_type=\"widget\" data-widget_type=\"text-editor.default\">\n\t\t\t\t<div class=\"elementor-widget-container\">\n\t\t\t\t\t\t\t<p><span style=\"color: #000000;\">Der Montag stand ganz unter dem Motto \u201eSchlager\u201c. Zun\u00e4chst wurden in Workshops kreative Outfits gebastelt, welche dann direkt bei der nachfolgenden \u201eVillage Vibration\u201c bzw. dem \u201eSchlagermove\u201c pr\u00e4sentiert werden konnten. Bei toller Schlagermusik und ausgelassener Partystimmung zogen wir einmal durch den Ort und feierten auf dem Zeltplatz gleich weiter. Nach kurzer Erholungs- und Probephase, ging es dann am Abend in die Mini Playback Show, welche die M\u00e4dchen der vierten Klasse mit &#8222;99 Luftballons&#8220; f\u00fcr sich entscheiden konnten. Garniert wurde die Show durch den sensationellen \u00dcberraschungsauftritt von Helene Fischer!<\/span><\/p>\t\t\t\t\t\t<\/div>\n\t\t\t\t<\/div>\n\t\t\t\t\t<\/div>\n\t\t<\/div>\n\t\t\t\t\t<\/div>\n\t\t<\/section>\n\t\t\t\t<section class=\"elementor-section elementor-top-section elementor-element elementor-element-87ec50a elementor-section-boxed elementor-section-height-default elementor-section-height-default\" data-id=\"87ec50a\" data-element_type=\"section\">\n\t\t\t\t\t\t<div class=\"elementor-container elementor-column-gap-default\">\n\t\t\t\t\t<div class=\"elementor-column elementor-col-100 elementor-top-column elementor-element elementor-element-ee62330\" data-id=\"ee62330\" data-element_type=\"column\">\n\t\t\t<div class=\"elementor-widget-wrap elementor-element-populated\">\n\t\t\t\t\t\t<div class=\"elementor-element elementor-element-04264cd elementor-widget elementor-widget-image\" data-id=\"04264cd\" data-element_type=\"widget\" data-widget_type=\"image.default\">\n\t\t\t\t<div class=\"elementor-widget-container\">\n\t\t\t\t\t\t\t\t\t\t\t\t\t<img loading=\"lazy\" decoding=\"async\" width=\"1024\" height=\"768\" src=\"https:\/\/zeltlager-thuine.de\/wp-content\/uploads\/2021\/01\/zela_2017_Bericht_08-1024x768.jpg\" class=\"attachment-large size-large wp-image-5854\" alt=\"\" srcset=\"https:\/\/zeltlager-thuine.de\/wp-content\/uploads\/2021\/01\/zela_2017_Bericht_08-1024x768.jpg 1024w, https:\/\/zeltlager-thuine.de\/wp-content\/uploads\/2021\/01\/zela_2017_Bericht_08-300x225.jpg 300w, https:\/\/zeltlager-thuine.de\/wp-content\/uploads\/2021\/01\/zela_2017_Bericht_08-768x576.jpg 768w, https:\/\/zeltlager-thuine.de\/wp-content\/uploads\/2021\/01\/zela_2017_Bericht_08.jpg 1200w\" sizes=\"(max-width: 1024px) 100vw, 1024px\" \/>\t\t\t\t\t\t\t\t\t\t\t\t\t<\/div>\n\t\t\t\t<\/div>\n\t\t\t\t\t<\/div>\n\t\t<\/div>\n\t\t\t\t\t<\/div>\n\t\t<\/section>\n\t\t\t\t<section class=\"elementor-section elementor-top-section elementor-element elementor-element-79362a2 elementor-section-boxed elementor-section-height-default elementor-section-height-default\" data-id=\"79362a2\" data-element_type=\"section\">\n\t\t\t\t\t\t<div class=\"elementor-container elementor-column-gap-default\">\n\t\t\t\t\t<div class=\"elementor-column elementor-col-100 elementor-top-column elementor-element elementor-element-fec90d4\" data-id=\"fec90d4\" data-element_type=\"column\">\n\t\t\t<div class=\"elementor-widget-wrap elementor-element-populated\">\n\t\t\t\t\t\t<div class=\"elementor-element elementor-element-39b3797 elementor-widget elementor-widget-image\" data-id=\"39b3797\" data-element_type=\"widget\" data-widget_type=\"image.default\">\n\t\t\t\t<div class=\"elementor-widget-container\">\n\t\t\t\t\t\t\t\t\t\t\t\t\t<img loading=\"lazy\" decoding=\"async\" width=\"1024\" height=\"683\" src=\"https:\/\/zeltlager-thuine.de\/wp-content\/uploads\/2021\/01\/zela_2017_Bericht_09-1024x683.jpg\" class=\"attachment-large size-large wp-image-5855\" alt=\"\" srcset=\"https:\/\/zeltlager-thuine.de\/wp-content\/uploads\/2021\/01\/zela_2017_Bericht_09-1024x683.jpg 1024w, https:\/\/zeltlager-thuine.de\/wp-content\/uploads\/2021\/01\/zela_2017_Bericht_09-300x200.jpg 300w, https:\/\/zeltlager-thuine.de\/wp-content\/uploads\/2021\/01\/zela_2017_Bericht_09-768x512.jpg 768w, https:\/\/zeltlager-thuine.de\/wp-content\/uploads\/2021\/01\/zela_2017_Bericht_09.jpg 1200w\" sizes=\"(max-width: 1024px) 100vw, 1024px\" \/>\t\t\t\t\t\t\t\t\t\t\t\t\t<\/div>\n\t\t\t\t<\/div>\n\t\t\t\t\t<\/div>\n\t\t<\/div>\n\t\t\t\t\t<\/div>\n\t\t<\/section>\n\t\t\t\t<section class=\"elementor-section elementor-top-section elementor-element elementor-element-d7f1a0f elementor-section-boxed elementor-section-height-default elementor-section-height-default\" data-id=\"d7f1a0f\" data-element_type=\"section\">\n\t\t\t\t\t\t<div class=\"elementor-container elementor-column-gap-default\">\n\t\t\t\t\t<div class=\"elementor-column elementor-col-100 elementor-top-column elementor-element elementor-element-b5c5002\" data-id=\"b5c5002\" data-element_type=\"column\">\n\t\t\t<div class=\"elementor-widget-wrap elementor-element-populated\">\n\t\t\t\t\t\t<div class=\"elementor-element elementor-element-a1f85f8 elementor-widget elementor-widget-text-editor\" data-id=\"a1f85f8\" data-element_type=\"widget\" data-widget_type=\"text-editor.default\">\n\t\t\t\t<div class=\"elementor-widget-container\">\n\t\t\t\t\t\t\t<p><span style=\"color: #000000;\">Dienstags wurde es sportlich, entweder bei einer Partie V\u00f6lkerball oder einer Schnupperstunde Zumba und Yoga. Nachmittags fand dann in L\u00f6ningen das Gruppenleitersuchspiel statt. Bei gutem Wetter konnten sich die Kinder danach im Wellenfreibad austoben. Traditionell wurde das Zeltlager am Abend noch von den Alten Herren des SV Germania besucht, die in verschiedenen Spielen, wie Tauziehen oder Flips-Wettessen, gegen die Kinder antraten.<\/span><\/p>\t\t\t\t\t\t<\/div>\n\t\t\t\t<\/div>\n\t\t\t\t\t<\/div>\n\t\t<\/div>\n\t\t\t\t\t<\/div>\n\t\t<\/section>\n\t\t\t\t<section class=\"elementor-section elementor-top-section elementor-element elementor-element-80afc52 elementor-section-boxed elementor-section-height-default elementor-section-height-default\" data-id=\"80afc52\" data-element_type=\"section\">\n\t\t\t\t\t\t<div class=\"elementor-container elementor-column-gap-default\">\n\t\t\t\t\t<div class=\"elementor-column elementor-col-100 elementor-top-column elementor-element elementor-element-a2aaa50\" data-id=\"a2aaa50\" data-element_type=\"column\">\n\t\t\t<div class=\"elementor-widget-wrap elementor-element-populated\">\n\t\t\t\t\t\t<div class=\"elementor-element elementor-element-a26a5b0 elementor-widget elementor-widget-image\" data-id=\"a26a5b0\" data-element_type=\"widget\" data-widget_type=\"image.default\">\n\t\t\t\t<div class=\"elementor-widget-container\">\n\t\t\t\t\t\t\t\t\t\t\t\t\t<img loading=\"lazy\" decoding=\"async\" width=\"1024\" height=\"683\" src=\"https:\/\/zeltlager-thuine.de\/wp-content\/uploads\/2021\/01\/zela_2017_Bericht_10-1024x683.jpg\" class=\"attachment-large size-large wp-image-5856\" alt=\"\" srcset=\"https:\/\/zeltlager-thuine.de\/wp-content\/uploads\/2021\/01\/zela_2017_Bericht_10-1024x683.jpg 1024w, https:\/\/zeltlager-thuine.de\/wp-content\/uploads\/2021\/01\/zela_2017_Bericht_10-300x200.jpg 300w, https:\/\/zeltlager-thuine.de\/wp-content\/uploads\/2021\/01\/zela_2017_Bericht_10-768x512.jpg 768w, https:\/\/zeltlager-thuine.de\/wp-content\/uploads\/2021\/01\/zela_2017_Bericht_10.jpg 1200w\" sizes=\"(max-width: 1024px) 100vw, 1024px\" \/>\t\t\t\t\t\t\t\t\t\t\t\t\t<\/div>\n\t\t\t\t<\/div>\n\t\t\t\t\t<\/div>\n\t\t<\/div>\n\t\t\t\t\t<\/div>\n\t\t<\/section>\n\t\t\t\t<section class=\"elementor-section elementor-top-section elementor-element elementor-element-1ce1856 elementor-section-boxed elementor-section-height-default elementor-section-height-default\" data-id=\"1ce1856\" data-element_type=\"section\">\n\t\t\t\t\t\t<div class=\"elementor-container elementor-column-gap-default\">\n\t\t\t\t\t<div class=\"elementor-column elementor-col-100 elementor-top-column elementor-element elementor-element-58ec4a6\" data-id=\"58ec4a6\" data-element_type=\"column\">\n\t\t\t<div class=\"elementor-widget-wrap elementor-element-populated\">\n\t\t\t\t\t\t<div class=\"elementor-element elementor-element-b6e6bbe elementor-widget elementor-widget-image\" data-id=\"b6e6bbe\" data-element_type=\"widget\" data-widget_type=\"image.default\">\n\t\t\t\t<div class=\"elementor-widget-container\">\n\t\t\t\t\t\t\t\t\t\t\t\t\t<img loading=\"lazy\" decoding=\"async\" width=\"1024\" height=\"576\" src=\"https:\/\/zeltlager-thuine.de\/wp-content\/uploads\/2021\/01\/zela_2017_Bericht_11-1024x576.jpg\" class=\"attachment-large size-large wp-image-5857\" alt=\"\" srcset=\"https:\/\/zeltlager-thuine.de\/wp-content\/uploads\/2021\/01\/zela_2017_Bericht_11-1024x576.jpg 1024w, https:\/\/zeltlager-thuine.de\/wp-content\/uploads\/2021\/01\/zela_2017_Bericht_11-300x169.jpg 300w, https:\/\/zeltlager-thuine.de\/wp-content\/uploads\/2021\/01\/zela_2017_Bericht_11-768x432.jpg 768w, https:\/\/zeltlager-thuine.de\/wp-content\/uploads\/2021\/01\/zela_2017_Bericht_11.jpg 1200w\" sizes=\"(max-width: 1024px) 100vw, 1024px\" \/>\t\t\t\t\t\t\t\t\t\t\t\t\t<\/div>\n\t\t\t\t<\/div>\n\t\t\t\t\t<\/div>\n\t\t<\/div>\n\t\t\t\t\t<\/div>\n\t\t<\/section>\n\t\t\t\t<section class=\"elementor-section elementor-top-section elementor-element elementor-element-4038029 elementor-section-boxed elementor-section-height-default elementor-section-height-default\" data-id=\"4038029\" data-element_type=\"section\">\n\t\t\t\t\t\t<div class=\"elementor-container elementor-column-gap-default\">\n\t\t\t\t\t<div class=\"elementor-column elementor-col-100 elementor-top-column elementor-element elementor-element-079ec34\" data-id=\"079ec34\" data-element_type=\"column\">\n\t\t\t<div class=\"elementor-widget-wrap elementor-element-populated\">\n\t\t\t\t\t\t<div class=\"elementor-element elementor-element-a371b5c elementor-widget elementor-widget-text-editor\" data-id=\"a371b5c\" data-element_type=\"widget\" data-widget_type=\"text-editor.default\">\n\t\t\t\t<div class=\"elementor-widget-container\">\n\t\t\t\t\t\t\t<p><span style=\"font-family: Arial, sans-serif; color: #000000;\">Am darauf folgenden Tag wurde das Stationsspiel \u201eDuell um die Welt\u201c sowie \u201eStratego\u201c gespielt. Abends stand dann die Nachtwanderung auf dem Plan, welche bis sp\u00e4t in die Nacht ging und bei einigen Kindern und speziell Gruppenleiterinnen kurzzeitig den Puls in die H\u00f6he trieb.<\/span><\/p><p><span style=\"font-family: Arial, sans-serif; color: #000000;\">Am folgenden Donnerstag wurden dann die Rollen getauscht und die Gruppenleiter mussten sich in einem Stationsspiel den Aufgaben der Kinder stellen. Nat\u00fcrlich immer mit der M\u00f6glichkeit die ber\u00fchmt-ber\u00fcchtigten \u201eSpontipunkte\u201c zu holen. Um die neunte Klasse schon mal auf ihren zuk\u00fcnftigen Job als Gruppenleiter einzustimmen, wurde ihnen f\u00fcr den Abend die Vorbereitung und Durchf\u00fchrung eines Geschlechterkampfes aufgetragen. Die Show war ein voller Erfolg und wurde durch den Auftritt des Teenieschwarms Justin Bieber gekr\u00f6nt!<\/span><\/p>\t\t\t\t\t\t<\/div>\n\t\t\t\t<\/div>\n\t\t\t\t\t<\/div>\n\t\t<\/div>\n\t\t\t\t\t<\/div>\n\t\t<\/section>\n\t\t\t\t<section class=\"elementor-section elementor-top-section elementor-element elementor-element-ce033cd elementor-section-boxed elementor-section-height-default elementor-section-height-default\" data-id=\"ce033cd\" data-element_type=\"section\">\n\t\t\t\t\t\t<div class=\"elementor-container elementor-column-gap-default\">\n\t\t\t\t\t<div class=\"elementor-column elementor-col-100 elementor-top-column elementor-element elementor-element-5bc4b26\" data-id=\"5bc4b26\" data-element_type=\"column\">\n\t\t\t<div class=\"elementor-widget-wrap elementor-element-populated\">\n\t\t\t\t\t\t<div class=\"elementor-element elementor-element-d81bd49 elementor-widget elementor-widget-image\" data-id=\"d81bd49\" data-element_type=\"widget\" data-widget_type=\"image.default\">\n\t\t\t\t<div class=\"elementor-widget-container\">\n\t\t\t\t\t\t\t\t\t\t\t\t\t<img loading=\"lazy\" decoding=\"async\" width=\"1024\" height=\"683\" src=\"https:\/\/zeltlager-thuine.de\/wp-content\/uploads\/2021\/01\/zela_2017_Bericht_12-1024x683.jpg\" class=\"attachment-large size-large wp-image-5858\" alt=\"\" srcset=\"https:\/\/zeltlager-thuine.de\/wp-content\/uploads\/2021\/01\/zela_2017_Bericht_12-1024x683.jpg 1024w, https:\/\/zeltlager-thuine.de\/wp-content\/uploads\/2021\/01\/zela_2017_Bericht_12-300x200.jpg 300w, https:\/\/zeltlager-thuine.de\/wp-content\/uploads\/2021\/01\/zela_2017_Bericht_12-768x512.jpg 768w, https:\/\/zeltlager-thuine.de\/wp-content\/uploads\/2021\/01\/zela_2017_Bericht_12.jpg 1200w\" sizes=\"(max-width: 1024px) 100vw, 1024px\" \/>\t\t\t\t\t\t\t\t\t\t\t\t\t<\/div>\n\t\t\t\t<\/div>\n\t\t\t\t\t<\/div>\n\t\t<\/div>\n\t\t\t\t\t<\/div>\n\t\t<\/section>\n\t\t\t\t<section class=\"elementor-section elementor-top-section elementor-element elementor-element-6a10952 elementor-section-boxed elementor-section-height-default elementor-section-height-default\" data-id=\"6a10952\" data-element_type=\"section\">\n\t\t\t\t\t\t<div class=\"elementor-container elementor-column-gap-default\">\n\t\t\t\t\t<div class=\"elementor-column elementor-col-100 elementor-top-column elementor-element elementor-element-34d51af\" data-id=\"34d51af\" data-element_type=\"column\">\n\t\t\t<div class=\"elementor-widget-wrap elementor-element-populated\">\n\t\t\t\t\t\t<div class=\"elementor-element elementor-element-03e2fab elementor-widget elementor-widget-image\" data-id=\"03e2fab\" data-element_type=\"widget\" data-widget_type=\"image.default\">\n\t\t\t\t<div class=\"elementor-widget-container\">\n\t\t\t\t\t\t\t\t\t\t\t\t\t<img loading=\"lazy\" decoding=\"async\" width=\"1024\" height=\"683\" src=\"https:\/\/zeltlager-thuine.de\/wp-content\/uploads\/2021\/01\/zela_2017_Bericht_13-1024x683.jpg\" class=\"attachment-large size-large wp-image-5859\" alt=\"\" srcset=\"https:\/\/zeltlager-thuine.de\/wp-content\/uploads\/2021\/01\/zela_2017_Bericht_13-1024x683.jpg 1024w, https:\/\/zeltlager-thuine.de\/wp-content\/uploads\/2021\/01\/zela_2017_Bericht_13-300x200.jpg 300w, https:\/\/zeltlager-thuine.de\/wp-content\/uploads\/2021\/01\/zela_2017_Bericht_13-768x512.jpg 768w, https:\/\/zeltlager-thuine.de\/wp-content\/uploads\/2021\/01\/zela_2017_Bericht_13.jpg 1200w\" sizes=\"(max-width: 1024px) 100vw, 1024px\" \/>\t\t\t\t\t\t\t\t\t\t\t\t\t<\/div>\n\t\t\t\t<\/div>\n\t\t\t\t\t<\/div>\n\t\t<\/div>\n\t\t\t\t\t<\/div>\n\t\t<\/section>\n\t\t\t\t<section class=\"elementor-section elementor-top-section elementor-element elementor-element-5c4e16f elementor-section-boxed elementor-section-height-default elementor-section-height-default\" data-id=\"5c4e16f\" data-element_type=\"section\">\n\t\t\t\t\t\t<div class=\"elementor-container elementor-column-gap-default\">\n\t\t\t\t\t<div class=\"elementor-column elementor-col-100 elementor-top-column elementor-element elementor-element-8676f52\" data-id=\"8676f52\" data-element_type=\"column\">\n\t\t\t<div class=\"elementor-widget-wrap elementor-element-populated\">\n\t\t\t\t\t\t<div class=\"elementor-element elementor-element-52f3c91 elementor-widget elementor-widget-text-editor\" data-id=\"52f3c91\" data-element_type=\"widget\" data-widget_type=\"text-editor.default\">\n\t\t\t\t<div class=\"elementor-widget-container\">\n\t\t\t\t\t\t\t<p align=\"LEFT\"><span style=\"font-family: Arial, sans-serif; color: #000000;\">Das schlechte Wetter mit viel Regen sowie dem etwas matschigen Platz konnte die Stimmung nicht tr\u00fcben. So ging es etwa in das Spa\u00df- und Hallenbad Cloppenburg und auch sonst wurde mit dem Gute-Laune-Tanz das Beste aus dem Wetter gemacht. Die eigentlich zur Entw\u00e4sserung des Platzes ausgehobenen Gr\u00e4ben wurden von den Kindern sofort zum Spielplatz mit Kan\u00e4len und darauf fahrenden Papierb\u00f6tchen erkl\u00e4rt.<\/span><\/p><p><span style=\"font-family: Arial, sans-serif; color: #000000;\">Abgerundet wurde das Zeltlager durch die Show \u201eWetten Dass\u201c f\u00fcr die die einzelnen Zelte jeweils eine Wette vorbereitet hatte. Ein Feuerwerk war dann der Abschluss einer erlebnisreichen und bestens vorbereiteten Woche mit leckerem Essen.<\/span><\/p>\t\t\t\t\t\t<\/div>\n\t\t\t\t<\/div>\n\t\t\t\t\t<\/div>\n\t\t<\/div>\n\t\t\t\t\t<\/div>\n\t\t<\/section>\n\t\t\t\t<section class=\"elementor-section elementor-top-section elementor-element elementor-element-764cf74 elementor-section-boxed elementor-section-height-default elementor-section-height-default\" data-id=\"764cf74\" data-element_type=\"section\">\n\t\t\t\t\t\t<div class=\"elementor-container elementor-column-gap-default\">\n\t\t\t\t\t<div class=\"elementor-column elementor-col-100 elementor-top-column elementor-element elementor-element-f70ed1a\" data-id=\"f70ed1a\" data-element_type=\"column\">\n\t\t\t<div class=\"elementor-widget-wrap elementor-element-populated\">\n\t\t\t\t\t\t<div class=\"elementor-element elementor-element-2a6cbf5 elementor-widget elementor-widget-image\" data-id=\"2a6cbf5\" data-element_type=\"widget\" data-widget_type=\"image.default\">\n\t\t\t\t<div class=\"elementor-widget-container\">\n\t\t\t\t\t\t\t\t\t\t\t\t\t<img loading=\"lazy\" decoding=\"async\" width=\"1024\" height=\"683\" src=\"https:\/\/zeltlager-thuine.de\/wp-content\/uploads\/2021\/01\/zela_2017_Bericht_14-1024x683.jpg\" class=\"attachment-large size-large wp-image-5860\" alt=\"\" srcset=\"https:\/\/zeltlager-thuine.de\/wp-content\/uploads\/2021\/01\/zela_2017_Bericht_14-1024x683.jpg 1024w, https:\/\/zeltlager-thuine.de\/wp-content\/uploads\/2021\/01\/zela_2017_Bericht_14-300x200.jpg 300w, https:\/\/zeltlager-thuine.de\/wp-content\/uploads\/2021\/01\/zela_2017_Bericht_14-768x512.jpg 768w, https:\/\/zeltlager-thuine.de\/wp-content\/uploads\/2021\/01\/zela_2017_Bericht_14.jpg 1200w\" sizes=\"(max-width: 1024px) 100vw, 1024px\" \/>\t\t\t\t\t\t\t\t\t\t\t\t\t<\/div>\n\t\t\t\t<\/div>\n\t\t\t\t\t<\/div>\n\t\t<\/div>\n\t\t\t\t\t<\/div>\n\t\t<\/section>\n\t\t\t\t<section class=\"elementor-section elementor-top-section elementor-element elementor-element-1946d2c elementor-section-boxed elementor-section-height-default elementor-section-height-default\" data-id=\"1946d2c\" data-element_type=\"section\">\n\t\t\t\t\t\t<div class=\"elementor-container elementor-column-gap-default\">\n\t\t\t\t\t<div class=\"elementor-column elementor-col-100 elementor-top-column elementor-element elementor-element-944e294\" data-id=\"944e294\" data-element_type=\"column\">\n\t\t\t<div class=\"elementor-widget-wrap elementor-element-populated\">\n\t\t\t\t\t\t<div class=\"elementor-element elementor-element-924e9a3 elementor-widget elementor-widget-image\" data-id=\"924e9a3\" data-element_type=\"widget\" data-widget_type=\"image.default\">\n\t\t\t\t<div class=\"elementor-widget-container\">\n\t\t\t\t\t\t\t\t\t\t\t\t\t<img loading=\"lazy\" decoding=\"async\" width=\"1024\" height=\"683\" src=\"https:\/\/zeltlager-thuine.de\/wp-content\/uploads\/2021\/01\/zela_2017_Bericht_15-1024x683.jpg\" class=\"attachment-large size-large wp-image-5861\" alt=\"\" srcset=\"https:\/\/zeltlager-thuine.de\/wp-content\/uploads\/2021\/01\/zela_2017_Bericht_15-1024x683.jpg 1024w, https:\/\/zeltlager-thuine.de\/wp-content\/uploads\/2021\/01\/zela_2017_Bericht_15-300x200.jpg 300w, https:\/\/zeltlager-thuine.de\/wp-content\/uploads\/2021\/01\/zela_2017_Bericht_15-768x512.jpg 768w, https:\/\/zeltlager-thuine.de\/wp-content\/uploads\/2021\/01\/zela_2017_Bericht_15.jpg 1200w\" sizes=\"(max-width: 1024px) 100vw, 1024px\" \/>\t\t\t\t\t\t\t\t\t\t\t\t\t<\/div>\n\t\t\t\t<\/div>\n\t\t\t\t\t<\/div>\n\t\t<\/div>\n\t\t\t\t\t<\/div>\n\t\t<\/section>\n\t\t\t\t<section class=\"elementor-section elementor-top-section elementor-element elementor-element-72714d9 elementor-section-boxed elementor-section-height-default elementor-section-height-default\" data-id=\"72714d9\" data-element_type=\"section\">\n\t\t\t\t\t\t<div class=\"elementor-container elementor-column-gap-default\">\n\t\t\t\t\t<div class=\"elementor-column elementor-col-100 elementor-top-column elementor-element elementor-element-b898ce3\" data-id=\"b898ce3\" data-element_type=\"column\">\n\t\t\t<div class=\"elementor-widget-wrap elementor-element-populated\">\n\t\t\t\t\t\t<div class=\"elementor-element elementor-element-64ff0d5 elementor-widget elementor-widget-text-editor\" data-id=\"64ff0d5\" data-element_type=\"widget\" data-widget_type=\"text-editor.default\">\n\t\t\t\t<div class=\"elementor-widget-container\">\n\t\t\t\t\t\t\t<p><span style=\"color: #000000;\">Samstags ging es mit dem Bus nach Hause und alle Kinder fielen m\u00fcde ins Bett. Die Gruppenleiter bauten bei m\u00e4\u00dfigem Wetter das Zeltlager ab, transportierten das Material zur\u00fcck nach Thuine und lagerten es wieder ein.<\/span><\/p>\t\t\t\t\t\t<\/div>\n\t\t\t\t<\/div>\n\t\t\t\t\t<\/div>\n\t\t<\/div>\n\t\t\t\t\t<\/div>\n\t\t<\/section>\n\t\t\t\t<section class=\"elementor-section elementor-top-section elementor-element elementor-element-f76df45 elementor-section-boxed elementor-section-height-default elementor-section-height-default\" data-id=\"f76df45\" data-element_type=\"section\">\n\t\t\t\t\t\t<div class=\"elementor-container elementor-column-gap-default\">\n\t\t\t\t\t<div class=\"elementor-column elementor-col-100 elementor-top-column elementor-element elementor-element-21af436\" data-id=\"21af436\" data-element_type=\"column\">\n\t\t\t<div class=\"elementor-widget-wrap elementor-element-populated\">\n\t\t\t\t\t\t<div class=\"elementor-element elementor-element-e6f4886 elementor-widget elementor-widget-image\" data-id=\"e6f4886\" data-element_type=\"widget\" data-widget_type=\"image.default\">\n\t\t\t\t<div class=\"elementor-widget-container\">\n\t\t\t\t\t\t\t\t\t\t\t\t\t<img loading=\"lazy\" decoding=\"async\" width=\"1024\" height=\"683\" src=\"https:\/\/zeltlager-thuine.de\/wp-content\/uploads\/2021\/01\/zela_2017_Bericht_16-1024x683.jpg\" class=\"attachment-large size-large wp-image-5862\" alt=\"\" srcset=\"https:\/\/zeltlager-thuine.de\/wp-content\/uploads\/2021\/01\/zela_2017_Bericht_16-1024x683.jpg 1024w, https:\/\/zeltlager-thuine.de\/wp-content\/uploads\/2021\/01\/zela_2017_Bericht_16-300x200.jpg 300w, https:\/\/zeltlager-thuine.de\/wp-content\/uploads\/2021\/01\/zela_2017_Bericht_16-768x512.jpg 768w, https:\/\/zeltlager-thuine.de\/wp-content\/uploads\/2021\/01\/zela_2017_Bericht_16.jpg 1200w\" sizes=\"(max-width: 1024px) 100vw, 1024px\" \/>\t\t\t\t\t\t\t\t\t\t\t\t\t<\/div>\n\t\t\t\t<\/div>\n\t\t\t\t\t<\/div>\n\t\t<\/div>\n\t\t\t\t\t<\/div>\n\t\t<\/section>\n\t\t\t\t<section class=\"elementor-section elementor-top-section elementor-element elementor-element-21e7312 elementor-section-boxed elementor-section-height-default elementor-section-height-default\" data-id=\"21e7312\" data-element_type=\"section\">\n\t\t\t\t\t\t<div class=\"elementor-container elementor-column-gap-default\">\n\t\t\t\t\t<div class=\"elementor-column elementor-col-100 elementor-top-column elementor-element elementor-element-f4d49db\" data-id=\"f4d49db\" data-element_type=\"column\">\n\t\t\t<div class=\"elementor-widget-wrap elementor-element-populated\">\n\t\t\t\t\t\t<div class=\"elementor-element elementor-element-84f132a elementor-widget elementor-widget-text-editor\" data-id=\"84f132a\" data-element_type=\"widget\" data-widget_type=\"text-editor.default\">\n\t\t\t\t<div class=\"elementor-widget-container\">\n\t\t\t\t\t\t\t<p><span style=\"color: #000000;\">Wir bedanken uns bei allen die uns bei den Vorbereitungen, bei der Durchf\u00fchrung und auch noch nach dem Zeltlager so vielf\u00e4ltig unterst\u00fctzt haben. Ihr habt 118 Teilnehmern eine \u00fcberragende Woche bereitet!<\/span><\/p>\t\t\t\t\t\t<\/div>\n\t\t\t\t<\/div>\n\t\t\t\t\t<\/div>\n\t\t<\/div>\n\t\t\t\t\t<\/div>\n\t\t<\/section>\n\t\t\t\t<section class=\"elementor-section elementor-top-section elementor-element elementor-element-84db2de elementor-section-boxed elementor-section-height-default elementor-section-height-default\" data-id=\"84db2de\" data-element_type=\"section\">\n\t\t\t\t\t\t<div class=\"elementor-container elementor-column-gap-default\">\n\t\t\t\t\t<div class=\"elementor-column elementor-col-100 elementor-top-column elementor-element elementor-element-8116ab0\" data-id=\"8116ab0\" data-element_type=\"column\">\n\t\t\t<div class=\"elementor-widget-wrap elementor-element-populated\">\n\t\t\t\t\t\t<div class=\"elementor-element elementor-element-5c5694b elementor-widget elementor-widget-image\" data-id=\"5c5694b\" data-element_type=\"widget\" data-widget_type=\"image.default\">\n\t\t\t\t<div class=\"elementor-widget-container\">\n\t\t\t\t\t\t\t\t\t\t\t\t\t<img loading=\"lazy\" decoding=\"async\" width=\"1024\" height=\"683\" src=\"https:\/\/zeltlager-thuine.de\/wp-content\/uploads\/2021\/01\/zela_2017_Bericht_17-1024x683.jpg\" class=\"attachment-large size-large wp-image-5863\" alt=\"\" srcset=\"https:\/\/zeltlager-thuine.de\/wp-content\/uploads\/2021\/01\/zela_2017_Bericht_17-1024x683.jpg 1024w, https:\/\/zeltlager-thuine.de\/wp-content\/uploads\/2021\/01\/zela_2017_Bericht_17-300x200.jpg 300w, https:\/\/zeltlager-thuine.de\/wp-content\/uploads\/2021\/01\/zela_2017_Bericht_17-768x512.jpg 768w, https:\/\/zeltlager-thuine.de\/wp-content\/uploads\/2021\/01\/zela_2017_Bericht_17.jpg 1200w\" sizes=\"(max-width: 1024px) 100vw, 1024px\" \/>\t\t\t\t\t\t\t\t\t\t\t\t\t<\/div>\n\t\t\t\t<\/div>\n\t\t\t\t\t<\/div>\n\t\t<\/div>\n\t\t\t\t\t<\/div>\n\t\t<\/section>\n\t\t\t\t<section class=\"elementor-section elementor-top-section elementor-element elementor-element-18de781 elementor-section-boxed elementor-section-height-default elementor-section-height-default\" data-id=\"18de781\" data-element_type=\"section\">\n\t\t\t\t\t\t<div class=\"elementor-container elementor-column-gap-default\">\n\t\t\t\t\t<div class=\"elementor-column elementor-col-100 elementor-top-column elementor-element elementor-element-70de0f1\" data-id=\"70de0f1\" data-element_type=\"column\">\n\t\t\t<div class=\"elementor-widget-wrap elementor-element-populated\">\n\t\t\t\t\t\t<div class=\"elementor-element elementor-element-eb71c50 elementor-widget elementor-widget-text-editor\" data-id=\"eb71c50\" data-element_type=\"widget\" data-widget_type=\"text-editor.default\">\n\t\t\t\t<div class=\"elementor-widget-container\">\n\t\t\t\t\t\t\t<p><span style=\"color: #000000;\">Stand: 18.08.2017<\/span><\/p>\t\t\t\t\t\t<\/div>\n\t\t\t\t<\/div>\n\t\t\t\t\t<\/div>\n\t\t<\/div>\n\t\t\t\t\t<\/div>\n\t\t<\/section>\n\t\t\t\t<\/div>\n\t\t","protected":false},"excerpt":{"rendered":"<p>Zeltlager 2017 in L\u00f6ningen Am Samstag den 24. Juni 2017 starteten 76 Kinder bei gutem Wetter mit dem Fahrrad in das diesj\u00e4hrige Zeltlager nach R\u00f6pke bei L\u00f6ningen. Das bereits seit einigen Jahren eingespielte, 18 k\u00f6pfige Begleitteam sorgte daf\u00fcr, dass die 44km lange Strecke ohne Probleme gemeistert werden konnte. Im Zeltlager angekommen konnten die Kinder sofort [&hellip;]<\/p>\n","protected":false},"author":1,"featured_media":0,"parent":0,"menu_order":0,"comment_status":"closed","ping_status":"closed","template":"","meta":{"ocean_post_layout":"full-screen","ocean_both_sidebars_style":"","ocean_both_sidebars_content_width":0,"ocean_both_sidebars_sidebars_width":0,"ocean_sidebar":"0","ocean_second_sidebar":"0","ocean_disable_margins":"enable","ocean_add_body_class":"","ocean_shortcode_before_top_bar":"","ocean_shortcode_after_top_bar":"","ocean_shortcode_before_header":"","ocean_shortcode_after_header":"","ocean_has_shortcode":"","ocean_shortcode_after_title":"","ocean_shortcode_before_footer_widgets":"","ocean_shortcode_after_footer_widgets":"","ocean_shortcode_before_footer_bottom":"","ocean_shortcode_after_footer_bottom":"","ocean_display_top_bar":"off","ocean_display_header":"on","ocean_header_style":"","ocean_center_header_left_menu":"0","ocean_custom_header_template":"0","ocean_custom_logo":0,"ocean_custom_retina_logo":0,"ocean_custom_logo_max_width":0,"ocean_custom_logo_tablet_max_width":0,"ocean_custom_logo_mobile_max_width":0,"ocean_custom_logo_max_height":0,"ocean_custom_logo_tablet_max_height":0,"ocean_custom_logo_mobile_max_height":0,"ocean_header_custom_menu":"0","ocean_menu_typo_font_family":"0","ocean_menu_typo_font_subset":"","ocean_menu_typo_font_size":0,"ocean_menu_typo_font_size_tablet":0,"ocean_menu_typo_font_size_mobile":0,"ocean_menu_typo_font_size_unit":"px","ocean_menu_typo_font_weight":"","ocean_menu_typo_font_weight_tablet":"","ocean_menu_typo_font_weight_mobile":"","ocean_menu_typo_transform":"","ocean_menu_typo_transform_tablet":"","ocean_menu_typo_transform_mobile":"","ocean_menu_typo_line_height":0,"ocean_menu_typo_line_height_tablet":0,"ocean_menu_typo_line_height_mobile":0,"ocean_menu_typo_line_height_unit":"","ocean_menu_typo_spacing":0,"ocean_menu_typo_spacing_tablet":0,"ocean_menu_typo_spacing_mobile":0,"ocean_menu_typo_spacing_unit":"","ocean_menu_link_color":"","ocean_menu_link_color_hover":"","ocean_menu_link_color_active":"","ocean_menu_link_background":"","ocean_menu_link_hover_background":"","ocean_menu_link_active_background":"","ocean_menu_social_links_bg":"","ocean_menu_social_hover_links_bg":"","ocean_menu_social_links_color":"","ocean_menu_social_hover_links_color":"","ocean_disable_title":"on","ocean_disable_heading":"default","ocean_post_title":"","ocean_post_subheading":"","ocean_post_title_style":"","ocean_post_title_background_color":"","ocean_post_title_background":0,"ocean_post_title_bg_image_position":"","ocean_post_title_bg_image_attachment":"","ocean_post_title_bg_image_repeat":"","ocean_post_title_bg_image_size":"","ocean_post_title_height":0,"ocean_post_title_bg_overlay":0.5,"ocean_post_title_bg_overlay_color":"","ocean_disable_breadcrumbs":"default","ocean_breadcrumbs_color":"","ocean_breadcrumbs_separator_color":"","ocean_breadcrumbs_links_color":"","ocean_breadcrumbs_links_hover_color":"","ocean_display_footer_widgets":"off","ocean_display_footer_bottom":"off","ocean_custom_footer_template":"0","footnotes":""},"class_list":["post-5874","page","type-page","status-publish","hentry","entry"],"_links":{"self":[{"href":"https:\/\/zeltlager-thuine.de\/index.php\/wp-json\/wp\/v2\/pages\/5874"}],"collection":[{"href":"https:\/\/zeltlager-thuine.de\/index.php\/wp-json\/wp\/v2\/pages"}],"about":[{"href":"https:\/\/zeltlager-thuine.de\/index.php\/wp-json\/wp\/v2\/types\/page"}],"author":[{"embeddable":true,"href":"https:\/\/zeltlager-thuine.de\/index.php\/wp-json\/wp\/v2\/users\/1"}],"replies":[{"embeddable":true,"href":"https:\/\/zeltlager-thuine.de\/index.php\/wp-json\/wp\/v2\/comments?post=5874"}],"version-history":[{"count":10,"href":"https:\/\/zeltlager-thuine.de\/index.php\/wp-json\/wp\/v2\/pages\/5874\/revisions"}],"predecessor-version":[{"id":5885,"href":"https:\/\/zeltlager-thuine.de\/index.php\/wp-json\/wp\/v2\/pages\/5874\/revisions\/5885"}],"wp:attachment":[{"href":"https:\/\/zeltlager-thuine.de\/index.php\/wp-json\/wp\/v2\/media?parent=5874"}],"curies":[{"name":"wp","href":"https:\/\/api.w.org\/{rel}","templated":true}]}}